{"id":22786,"date":"2026-04-23T11:16:49","date_gmt":"2026-04-23T09:16:49","guid":{"rendered":"https:\/\/www.albergominerva.it\/offerte\/speciale-luglio-e-agosto-a-siena-lestate-sta-arrivando\/"},"modified":"2026-04-27T10:20:11","modified_gmt":"2026-04-27T08:20:11","slug":"speciale-luglio-e-agosto-a-siena-lestate-sta-arrivando","status":"publish","type":"offerte","link":"https:\/\/www.albergominerva.it\/de\/sonderangebote\/speciale-luglio-e-agosto-a-siena-lestate-sta-arrivando\/","title":{"rendered":"SOMMER-ANGEBOT F\u00dcR JULI UND AUGUST IN SIENA. DER SOMMER STEHT VOR DER T\u00dcR!"},"content":{"rendered":"\n<p>Buchen Sie Ihren Aufenthalt bei uns im Juli oder August direkt \u00fcber unsere Website und profitieren Sie von einem zus\u00e4tzlichen Rabatt von 5 %, erg\u00e4nzend zu den bereits bestehenden 10 % f\u00fcr unsere G\u00e4ste.<\/p>\n\n\n\n<p><strong>Wir freuen uns darauf, Ihnen die sch\u00f6nsten Seiten von Siena zu zeigen<\/strong>. Buchen Sie jetzt und sichern Sie sich Ihren Vorteil!<\/p>\n\n\n\n<figure class=\"wp-block-gallery has-nested-images columns-2 is-cropped wp-block-gallery-1 is-layout-flex wp-block-gallery-is-layout-flex\">\n<figure class=\"wp-block-image size-large\"><img loading=\"lazy\" decoding=\"async\" width=\"768\" height=\"1024\" data-id=\"22576\" src=\"https:\/\/www.albergominerva.it\/wp-content\/uploads\/2026\/04\/siena-hotel-juny-august-1-768x1024.webp\" alt=\"\" class=\"wp-image-22576\" srcset=\"https:\/\/www.albergominerva.it\/wp-content\/uploads\/2026\/04\/siena-hotel-juny-august-1-768x1024.webp 768w, https:\/\/www.albergominerva.it\/wp-content\/uploads\/2026\/04\/siena-hotel-juny-august-1-225x300.webp 225w, https:\/\/www.albergominerva.it\/wp-content\/uploads\/2026\/04\/siena-hotel-juny-august-1.webp 1000w\" sizes=\"auto, (max-width: 768px) 100vw, 768px\" \/><\/figure>\n\n\n\n<figure class=\"wp-block-image size-full\"><img loading=\"lazy\" decoding=\"async\" width=\"1920\" height=\"2560\" data-id=\"22598\" src=\"https:\/\/www.albergominerva.it\/wp-content\/uploads\/2026\/04\/siena-hotel-juny-august-2-scaled.jpg\" alt=\"\" class=\"wp-image-22598\" srcset=\"https:\/\/www.albergominerva.it\/wp-content\/uploads\/2026\/04\/siena-hotel-juny-august-2-scaled.jpg 1920w, https:\/\/www.albergominerva.it\/wp-content\/uploads\/2026\/04\/siena-hotel-juny-august-2-225x300.jpg 225w, https:\/\/www.albergominerva.it\/wp-content\/uploads\/2026\/04\/siena-hotel-juny-august-2-768x1024.jpg 768w, https:\/\/www.albergominerva.it\/wp-content\/uploads\/2026\/04\/siena-hotel-juny-august-2-1152x1536.jpg 1152w, https:\/\/www.albergominerva.it\/wp-content\/uploads\/2026\/04\/siena-hotel-juny-august-2-1536x2048.jpg 1536w\" sizes=\"auto, (max-width: 1920px) 100vw, 1920px\" \/><\/figure>\n\n\n\n<figure class=\"wp-block-image size-full\"><img loading=\"lazy\" decoding=\"async\" width=\"1000\" height=\"1575\" data-id=\"22609\" src=\"https:\/\/www.albergominerva.it\/wp-content\/uploads\/2026\/04\/siena-hotel-juny-august-3.webp\" alt=\"\" class=\"wp-image-22609\" srcset=\"https:\/\/www.albergominerva.it\/wp-content\/uploads\/2026\/04\/siena-hotel-juny-august-3.webp 1000w, https:\/\/www.albergominerva.it\/wp-content\/uploads\/2026\/04\/siena-hotel-juny-august-3-190x300.webp 190w, https:\/\/www.albergominerva.it\/wp-content\/uploads\/2026\/04\/siena-hotel-juny-august-3-650x1024.webp 650w, https:\/\/www.albergominerva.it\/wp-content\/uploads\/2026\/04\/siena-hotel-juny-august-3-768x1210.webp 768w, https:\/\/www.albergominerva.it\/wp-content\/uploads\/2026\/04\/siena-hotel-juny-august-3-975x1536.webp 975w\" sizes=\"auto, (max-width: 1000px) 100vw, 1000px\" \/><\/figure>\n\n\n\n<figure class=\"wp-block-image size-full\"><img loading=\"lazy\" decoding=\"async\" width=\"1000\" height=\"1341\" data-id=\"22587\" src=\"https:\/\/www.albergominerva.it\/wp-content\/uploads\/2026\/04\/siena-hotel-juny-august-4.webp\" alt=\"\" class=\"wp-image-22587\" srcset=\"https:\/\/www.albergominerva.it\/wp-content\/uploads\/2026\/04\/siena-hotel-juny-august-4.webp 1000w, https:\/\/www.albergominerva.it\/wp-content\/uploads\/2026\/04\/siena-hotel-juny-august-4-224x300.webp 224w, https:\/\/www.albergominerva.it\/wp-content\/uploads\/2026\/04\/siena-hotel-juny-august-4-764x1024.webp 764w, https:\/\/www.albergominerva.it\/wp-content\/uploads\/2026\/04\/siena-hotel-juny-august-4-768x1030.webp 768w\" sizes=\"auto, (max-width: 1000px) 100vw, 1000px\" \/><\/figure>\n\n\n\n<figure class=\"wp-block-image size-full\"><img loading=\"lazy\" decoding=\"async\" width=\"900\" height=\"1200\" data-id=\"22739\" src=\"https:\/\/www.albergominerva.it\/wp-content\/uploads\/2026\/04\/hotel-siena-tuscany-1.webp\" alt=\"\" class=\"wp-image-22739\" srcset=\"https:\/\/www.albergominerva.it\/wp-content\/uploads\/2026\/04\/hotel-siena-tuscany-1.webp 900w, https:\/\/www.albergominerva.it\/wp-content\/uploads\/2026\/04\/hotel-siena-tuscany-1-225x300.webp 225w, https:\/\/www.albergominerva.it\/wp-content\/uploads\/2026\/04\/hotel-siena-tuscany-1-768x1024.webp 768w\" sizes=\"auto, (max-width: 900px) 100vw, 900px\" \/><\/figure>\n\n\n\n<figure class=\"wp-block-image size-full\"><img loading=\"lazy\" decoding=\"async\" width=\"900\" height=\"1200\" data-id=\"22750\" src=\"https:\/\/www.albergominerva.it\/wp-content\/uploads\/2026\/04\/hotel-siena-tuscany-4.webp\" alt=\"\" class=\"wp-image-22750\" srcset=\"https:\/\/www.albergominerva.it\/wp-content\/uploads\/2026\/04\/hotel-siena-tuscany-4.webp 900w, https:\/\/www.albergominerva.it\/wp-content\/uploads\/2026\/04\/hotel-siena-tuscany-4-225x300.webp 225w, https:\/\/www.albergominerva.it\/wp-content\/uploads\/2026\/04\/hotel-siena-tuscany-4-768x1024.webp 768w\" sizes=\"auto, (max-width: 900px) 100vw, 900px\" \/><\/figure>\n<\/figure>\n","protected":false},"featured_media":22843,"template":"","class_list":["post-22786","offerte","type-offerte","status-publish","has-post-thumbnail","hentry"],"acf":[],"yoast_head":"<!-- This site is optimized with the Yoast SEO plugin v27.4 - https:\/\/yoast.com\/product\/yoast-seo-wordpress\/ -->\n<title>SOMMER-ANGEBOT F\u00dcR JULI UND AUGUST IN SIENA. DER SOMMER STEHT VOR DER T\u00dcR! - Hotel Minerva Siena<\/title>\n<meta name=\"robots\" content=\"index, follow, max-snippet:-1, max-image-preview:large, max-video-preview:-1\" \/>\n<link rel=\"canonical\" href=\"https:\/\/www.albergominerva.it\/de\/sonderangebote\/speciale-luglio-e-agosto-a-siena-lestate-sta-arrivando\/\" \/>\n<meta property=\"og:locale\" content=\"de_DE\" \/>\n<meta property=\"og:type\" content=\"article\" \/>\n<meta property=\"og:title\" content=\"SOMMER-ANGEBOT F\u00dcR JULI UND AUGUST IN SIENA. DER SOMMER STEHT VOR DER T\u00dcR! - Hotel Minerva Siena\" \/>\n<meta property=\"og:description\" content=\"Buchen Sie Ihren Aufenthalt bei uns im Juli oder August direkt \u00fcber unsere Website und profitieren Sie von einem zus\u00e4tzlichen\" \/>\n<meta property=\"og:url\" content=\"https:\/\/www.albergominerva.it\/de\/sonderangebote\/speciale-luglio-e-agosto-a-siena-lestate-sta-arrivando\/\" \/>\n<meta property=\"og:site_name\" content=\"Hotel Minerva Siena\" \/>\n<meta property=\"article:modified_time\" content=\"2026-04-27T08:20:11+00:00\" \/>\n<meta property=\"og:image\" content=\"https:\/\/www.albergominerva.it\/wp-content\/uploads\/2026\/04\/siena-hotel-juny-august-5.webp\" \/>\n\t<meta property=\"og:image:width\" content=\"2000\" \/>\n\t<meta property=\"og:image:height\" content=\"1333\" \/>\n\t<meta property=\"og:image:type\" content=\"image\/webp\" \/>\n<meta name=\"twitter:card\" content=\"summary_large_image\" \/>\n<meta name=\"twitter:label1\" content=\"Gesch\u00e4tzte Lesezeit\" \/>\n\t<meta name=\"twitter:data1\" content=\"2\u00a0Minuten\" \/>\n<script type=\"application\/ld+json\" class=\"yoast-schema-graph\">{\"@context\":\"https:\\\/\\\/schema.org\",\"@graph\":[{\"@type\":\"WebPage\",\"@id\":\"https:\\\/\\\/www.albergominerva.it\\\/de\\\/sonderangebote\\\/speciale-luglio-e-agosto-a-siena-lestate-sta-arrivando\\\/\",\"url\":\"https:\\\/\\\/www.albergominerva.it\\\/de\\\/sonderangebote\\\/speciale-luglio-e-agosto-a-siena-lestate-sta-arrivando\\\/\",\"name\":\"SOMMER-ANGEBOT F\u00dcR JULI UND AUGUST IN SIENA. DER SOMMER STEHT VOR DER T\u00dcR! - Hotel Minerva Siena\",\"isPartOf\":{\"@id\":\"https:\\\/\\\/www.albergominerva.it\\\/de\\\/#website\"},\"primaryImageOfPage\":{\"@id\":\"https:\\\/\\\/www.albergominerva.it\\\/de\\\/sonderangebote\\\/speciale-luglio-e-agosto-a-siena-lestate-sta-arrivando\\\/#primaryimage\"},\"image\":{\"@id\":\"https:\\\/\\\/www.albergominerva.it\\\/de\\\/sonderangebote\\\/speciale-luglio-e-agosto-a-siena-lestate-sta-arrivando\\\/#primaryimage\"},\"thumbnailUrl\":\"https:\\\/\\\/www.albergominerva.it\\\/wp-content\\\/uploads\\\/2026\\\/04\\\/siena-toscana-italy.webp\",\"datePublished\":\"2026-04-23T09:16:49+00:00\",\"dateModified\":\"2026-04-27T08:20:11+00:00\",\"breadcrumb\":{\"@id\":\"https:\\\/\\\/www.albergominerva.it\\\/de\\\/sonderangebote\\\/speciale-luglio-e-agosto-a-siena-lestate-sta-arrivando\\\/#breadcrumb\"},\"inLanguage\":\"de\",\"potentialAction\":[{\"@type\":\"ReadAction\",\"target\":[\"https:\\\/\\\/www.albergominerva.it\\\/de\\\/sonderangebote\\\/speciale-luglio-e-agosto-a-siena-lestate-sta-arrivando\\\/\"]}]},{\"@type\":\"ImageObject\",\"inLanguage\":\"de\",\"@id\":\"https:\\\/\\\/www.albergominerva.it\\\/de\\\/sonderangebote\\\/speciale-luglio-e-agosto-a-siena-lestate-sta-arrivando\\\/#primaryimage\",\"url\":\"https:\\\/\\\/www.albergominerva.it\\\/wp-content\\\/uploads\\\/2026\\\/04\\\/siena-toscana-italy.webp\",\"contentUrl\":\"https:\\\/\\\/www.albergominerva.it\\\/wp-content\\\/uploads\\\/2026\\\/04\\\/siena-toscana-italy.webp\",\"width\":2200,\"height\":1650},{\"@type\":\"BreadcrumbList\",\"@id\":\"https:\\\/\\\/www.albergominerva.it\\\/de\\\/sonderangebote\\\/speciale-luglio-e-agosto-a-siena-lestate-sta-arrivando\\\/#breadcrumb\",\"itemListElement\":[{\"@type\":\"ListItem\",\"position\":1,\"name\":\"Home\",\"item\":\"https:\\\/\\\/www.albergominerva.it\\\/de\\\/\"},{\"@type\":\"ListItem\",\"position\":2,\"name\":\"SOMMER-ANGEBOT F\u00dcR JULI UND AUGUST IN SIENA. DER SOMMER STEHT VOR DER T\u00dcR!\"}]},{\"@type\":\"WebSite\",\"@id\":\"https:\\\/\\\/www.albergominerva.it\\\/de\\\/#website\",\"url\":\"https:\\\/\\\/www.albergominerva.it\\\/de\\\/\",\"name\":\"Hotel Minerva Siena\",\"description\":\"Hotel in Centro Storico a Siena - Toscana - Italy\",\"potentialAction\":[{\"@type\":\"SearchAction\",\"target\":{\"@type\":\"EntryPoint\",\"urlTemplate\":\"https:\\\/\\\/www.albergominerva.it\\\/de\\\/?s={search_term_string}\"},\"query-input\":{\"@type\":\"PropertyValueSpecification\",\"valueRequired\":true,\"valueName\":\"search_term_string\"}}],\"inLanguage\":\"de\"}]}<\/script>\n<!-- \/ Yoast SEO plugin. -->","yoast_head_json":{"title":"SOMMER-ANGEBOT F\u00dcR JULI UND AUGUST IN SIENA. DER SOMMER STEHT VOR DER T\u00dcR! - Hotel Minerva Siena","robots":{"index":"index","follow":"follow","max-snippet":"max-snippet:-1","max-image-preview":"max-image-preview:large","max-video-preview":"max-video-preview:-1"},"canonical":"https:\/\/www.albergominerva.it\/de\/sonderangebote\/speciale-luglio-e-agosto-a-siena-lestate-sta-arrivando\/","og_locale":"de_DE","og_type":"article","og_title":"SOMMER-ANGEBOT F\u00dcR JULI UND AUGUST IN SIENA. DER SOMMER STEHT VOR DER T\u00dcR! - Hotel Minerva Siena","og_description":"Buchen Sie Ihren Aufenthalt bei uns im Juli oder August direkt \u00fcber unsere Website und profitieren Sie von einem zus\u00e4tzlichen","og_url":"https:\/\/www.albergominerva.it\/de\/sonderangebote\/speciale-luglio-e-agosto-a-siena-lestate-sta-arrivando\/","og_site_name":"Hotel Minerva Siena","article_modified_time":"2026-04-27T08:20:11+00:00","og_image":[{"width":2000,"height":1333,"url":"https:\/\/www.albergominerva.it\/wp-content\/uploads\/2026\/04\/siena-hotel-juny-august-5.webp","type":"image\/webp"}],"twitter_card":"summary_large_image","twitter_misc":{"Gesch\u00e4tzte Lesezeit":"2\u00a0Minuten"},"schema":{"@context":"https:\/\/schema.org","@graph":[{"@type":"WebPage","@id":"https:\/\/www.albergominerva.it\/de\/sonderangebote\/speciale-luglio-e-agosto-a-siena-lestate-sta-arrivando\/","url":"https:\/\/www.albergominerva.it\/de\/sonderangebote\/speciale-luglio-e-agosto-a-siena-lestate-sta-arrivando\/","name":"SOMMER-ANGEBOT F\u00dcR JULI UND AUGUST IN SIENA. DER SOMMER STEHT VOR DER T\u00dcR! - Hotel Minerva Siena","isPartOf":{"@id":"https:\/\/www.albergominerva.it\/de\/#website"},"primaryImageOfPage":{"@id":"https:\/\/www.albergominerva.it\/de\/sonderangebote\/speciale-luglio-e-agosto-a-siena-lestate-sta-arrivando\/#primaryimage"},"image":{"@id":"https:\/\/www.albergominerva.it\/de\/sonderangebote\/speciale-luglio-e-agosto-a-siena-lestate-sta-arrivando\/#primaryimage"},"thumbnailUrl":"https:\/\/www.albergominerva.it\/wp-content\/uploads\/2026\/04\/siena-toscana-italy.webp","datePublished":"2026-04-23T09:16:49+00:00","dateModified":"2026-04-27T08:20:11+00:00","breadcrumb":{"@id":"https:\/\/www.albergominerva.it\/de\/sonderangebote\/speciale-luglio-e-agosto-a-siena-lestate-sta-arrivando\/#breadcrumb"},"inLanguage":"de","potentialAction":[{"@type":"ReadAction","target":["https:\/\/www.albergominerva.it\/de\/sonderangebote\/speciale-luglio-e-agosto-a-siena-lestate-sta-arrivando\/"]}]},{"@type":"ImageObject","inLanguage":"de","@id":"https:\/\/www.albergominerva.it\/de\/sonderangebote\/speciale-luglio-e-agosto-a-siena-lestate-sta-arrivando\/#primaryimage","url":"https:\/\/www.albergominerva.it\/wp-content\/uploads\/2026\/04\/siena-toscana-italy.webp","contentUrl":"https:\/\/www.albergominerva.it\/wp-content\/uploads\/2026\/04\/siena-toscana-italy.webp","width":2200,"height":1650},{"@type":"BreadcrumbList","@id":"https:\/\/www.albergominerva.it\/de\/sonderangebote\/speciale-luglio-e-agosto-a-siena-lestate-sta-arrivando\/#breadcrumb","itemListElement":[{"@type":"ListItem","position":1,"name":"Home","item":"https:\/\/www.albergominerva.it\/de\/"},{"@type":"ListItem","position":2,"name":"SOMMER-ANGEBOT F\u00dcR JULI UND AUGUST IN SIENA. DER SOMMER STEHT VOR DER T\u00dcR!"}]},{"@type":"WebSite","@id":"https:\/\/www.albergominerva.it\/de\/#website","url":"https:\/\/www.albergominerva.it\/de\/","name":"Hotel Minerva Siena","description":"Hotel in Centro Storico a Siena - Toscana - Italy","potentialAction":[{"@type":"SearchAction","target":{"@type":"EntryPoint","urlTemplate":"https:\/\/www.albergominerva.it\/de\/?s={search_term_string}"},"query-input":{"@type":"PropertyValueSpecification","valueRequired":true,"valueName":"search_term_string"}}],"inLanguage":"de"}]}},"_links":{"self":[{"href":"https:\/\/www.albergominerva.it\/de\/wp-json\/wp\/v2\/offerte\/22786","targetHints":{"allow":["GET"]}}],"collection":[{"href":"https:\/\/www.albergominerva.it\/de\/wp-json\/wp\/v2\/offerte"}],"about":[{"href":"https:\/\/www.albergominerva.it\/de\/wp-json\/wp\/v2\/types\/offerte"}],"wp:featuredmedia":[{"embeddable":true,"href":"https:\/\/www.albergominerva.it\/de\/wp-json\/wp\/v2\/media\/22843"}],"wp:attachment":[{"href":"https:\/\/www.albergominerva.it\/de\/wp-json\/wp\/v2\/media?parent=22786"}],"curies":[{"name":"wp","href":"https:\/\/api.w.org\/{rel}","templated":true}]}}