{"id":14791,"date":"2024-03-25T18:41:20","date_gmt":"2024-03-25T17:41:20","guid":{"rendered":"https:\/\/www.albergominerva.it\/?page_id=14791"},"modified":"2024-03-25T18:57:46","modified_gmt":"2024-03-25T17:57:46","slug":"siena-hotelangebote-fuer-april-2025","status":"publish","type":"page","link":"https:\/\/www.albergominerva.it\/de\/siena-hotelangebote-fuer-april-2025\/","title":{"rendered":"Siena Hotelangebote f\u00fcr April 2025"},"content":{"rendered":"\n<p>Wenn Sie nach einem unschlagbaren Angebot f\u00fcr April 2025 suchen, um einen Urlaub in Siena zu verbringen, empfehlen wir Ihnen, im Albergo Minerva zu buchen, unserem wunderbaren 3-Sterne-Hotel im historischen Zentrum von Siena, nur wenige Gehminuten vom Piazza del Campo und den Hauptattraktionen der Stadt entfernt.<\/p>\n\n\n\n<figure class=\"wp-block-gallery has-nested-images columns-default is-cropped wp-block-gallery-1 is-layout-flex wp-block-gallery-is-layout-flex\">\n<figure class=\"wp-block-image size-large\"><img loading=\"lazy\" decoding=\"async\" width=\"800\" height=\"617\" data-id=\"14517\" src=\"https:\/\/www.albergominerva.it\/wp-content\/uploads\/2024\/03\/image.png\" alt=\"\" class=\"wp-image-14517\" srcset=\"https:\/\/www.albergominerva.it\/wp-content\/uploads\/2024\/03\/image.png 800w, https:\/\/www.albergominerva.it\/wp-content\/uploads\/2024\/03\/image-300x231.png 300w, https:\/\/www.albergominerva.it\/wp-content\/uploads\/2024\/03\/image-768x592.png 768w, https:\/\/www.albergominerva.it\/wp-content\/uploads\/2024\/03\/image-700x540.png 700w\" sizes=\"auto, (max-width: 800px) 100vw, 800px\" \/><\/figure>\n\n\n\n<figure class=\"wp-block-image size-large\"><img loading=\"lazy\" decoding=\"async\" width=\"1024\" height=\"683\" data-id=\"11784\" src=\"https:\/\/www.albergominerva.it\/wp-content\/uploads\/2023\/12\/Hotel-Minerva-2023-015.jpg\" alt=\"\" class=\"wp-image-11784\" srcset=\"https:\/\/www.albergominerva.it\/wp-content\/uploads\/2023\/12\/Hotel-Minerva-2023-015.jpg 1024w, https:\/\/www.albergominerva.it\/wp-content\/uploads\/2023\/12\/Hotel-Minerva-2023-015-300x200.jpg 300w, https:\/\/www.albergominerva.it\/wp-content\/uploads\/2023\/12\/Hotel-Minerva-2023-015-768x512.jpg 768w, https:\/\/www.albergominerva.it\/wp-content\/uploads\/2023\/12\/Hotel-Minerva-2023-015-1000x667.jpg 1000w, https:\/\/www.albergominerva.it\/wp-content\/uploads\/2023\/12\/Hotel-Minerva-2023-015-700x467.jpg 700w\" sizes=\"auto, (max-width: 1024px) 100vw, 1024px\" \/><\/figure>\n\n\n\n<figure class=\"wp-block-image size-large\"><img loading=\"lazy\" decoding=\"async\" width=\"768\" height=\"512\" data-id=\"10258\" src=\"https:\/\/www.albergominerva.it\/wp-content\/uploads\/2022\/12\/hotel-minerva-6.jpg\" alt=\"\" class=\"wp-image-10258\" srcset=\"https:\/\/www.albergominerva.it\/wp-content\/uploads\/2022\/12\/hotel-minerva-6.jpg 768w, https:\/\/www.albergominerva.it\/wp-content\/uploads\/2022\/12\/hotel-minerva-6-300x200.jpg 300w, https:\/\/www.albergominerva.it\/wp-content\/uploads\/2022\/12\/hotel-minerva-6-700x467.jpg 700w\" sizes=\"auto, (max-width: 768px) 100vw, 768px\" \/><\/figure>\n\n\n\n<figure class=\"wp-block-image size-large\"><img loading=\"lazy\" decoding=\"async\" width=\"768\" height=\"512\" data-id=\"9339\" src=\"https:\/\/www.albergominerva.it\/wp-content\/uploads\/2022\/02\/camera-069-768x512-1.jpg\" alt=\"\" class=\"wp-image-9339\" srcset=\"https:\/\/www.albergominerva.it\/wp-content\/uploads\/2022\/02\/camera-069-768x512-1.jpg 768w, https:\/\/www.albergominerva.it\/wp-content\/uploads\/2022\/02\/camera-069-768x512-1-300x200.jpg 300w, https:\/\/www.albergominerva.it\/wp-content\/uploads\/2022\/02\/camera-069-768x512-1-700x467.jpg 700w\" sizes=\"auto, (max-width: 768px) 100vw, 768px\" \/><\/figure>\n\n\n\n<figure class=\"wp-block-image size-large\"><img loading=\"lazy\" decoding=\"async\" width=\"800\" height=\"533\" data-id=\"8495\" src=\"https:\/\/www.albergominerva.it\/wp-content\/uploads\/2021\/03\/Camere-Hotel-Minerva-054.jpg\" alt=\"\" class=\"wp-image-8495\" srcset=\"https:\/\/www.albergominerva.it\/wp-content\/uploads\/2021\/03\/Camere-Hotel-Minerva-054.jpg 800w, https:\/\/www.albergominerva.it\/wp-content\/uploads\/2021\/03\/Camere-Hotel-Minerva-054-300x200.jpg 300w, https:\/\/www.albergominerva.it\/wp-content\/uploads\/2021\/03\/Camere-Hotel-Minerva-054-768x512.jpg 768w, https:\/\/www.albergominerva.it\/wp-content\/uploads\/2021\/03\/Camere-Hotel-Minerva-054-700x466.jpg 700w\" sizes=\"auto, (max-width: 800px) 100vw, 800px\" \/><\/figure>\n\n\n\n<figure class=\"wp-block-image size-large\"><img loading=\"lazy\" decoding=\"async\" width=\"800\" height=\"533\" data-id=\"8488\" src=\"https:\/\/www.albergominerva.it\/wp-content\/uploads\/2021\/03\/Camere-Hotel-Minerva-041-Copia-Copia.jpg\" alt=\"\" class=\"wp-image-8488\" srcset=\"https:\/\/www.albergominerva.it\/wp-content\/uploads\/2021\/03\/Camere-Hotel-Minerva-041-Copia-Copia.jpg 800w, https:\/\/www.albergominerva.it\/wp-content\/uploads\/2021\/03\/Camere-Hotel-Minerva-041-Copia-Copia-300x200.jpg 300w, https:\/\/www.albergominerva.it\/wp-content\/uploads\/2021\/03\/Camere-Hotel-Minerva-041-Copia-Copia-768x512.jpg 768w, https:\/\/www.albergominerva.it\/wp-content\/uploads\/2021\/03\/Camere-Hotel-Minerva-041-Copia-Copia-700x466.jpg 700w\" sizes=\"auto, (max-width: 800px) 100vw, 800px\" \/><\/figure>\n\n\n\n<figure class=\"wp-block-image size-large\"><img loading=\"lazy\" decoding=\"async\" width=\"1024\" height=\"683\" data-id=\"8158\" src=\"https:\/\/www.albergominerva.it\/wp-content\/uploads\/2020\/07\/261752624.jpg\" alt=\"\" class=\"wp-image-8158\" srcset=\"https:\/\/www.albergominerva.it\/wp-content\/uploads\/2020\/07\/261752624.jpg 1024w, https:\/\/www.albergominerva.it\/wp-content\/uploads\/2020\/07\/261752624-300x200.jpg 300w, https:\/\/www.albergominerva.it\/wp-content\/uploads\/2020\/07\/261752624-768x512.jpg 768w, https:\/\/www.albergominerva.it\/wp-content\/uploads\/2020\/07\/261752624-1000x667.jpg 1000w, https:\/\/www.albergominerva.it\/wp-content\/uploads\/2020\/07\/261752624-700x467.jpg 700w\" sizes=\"auto, (max-width: 1024px) 100vw, 1024px\" \/><\/figure>\n\n\n\n<figure class=\"wp-block-image size-large\"><img loading=\"lazy\" decoding=\"async\" width=\"1000\" height=\"667\" data-id=\"7245\" src=\"https:\/\/www.albergominerva.it\/wp-content\/uploads\/2020\/02\/camera-093.jpg\" alt=\"\" class=\"wp-image-7245\" srcset=\"https:\/\/www.albergominerva.it\/wp-content\/uploads\/2020\/02\/camera-093.jpg 1000w, https:\/\/www.albergominerva.it\/wp-content\/uploads\/2020\/02\/camera-093-300x200.jpg 300w, https:\/\/www.albergominerva.it\/wp-content\/uploads\/2020\/02\/camera-093-768x512.jpg 768w, https:\/\/www.albergominerva.it\/wp-content\/uploads\/2020\/02\/camera-093-700x467.jpg 700w\" sizes=\"auto, (max-width: 1000px) 100vw, 1000px\" \/><\/figure>\n\n\n\n<figure class=\"wp-block-image size-large\"><img loading=\"lazy\" decoding=\"async\" width=\"1000\" height=\"667\" data-id=\"6953\" src=\"https:\/\/www.albergominerva.it\/wp-content\/uploads\/2020\/02\/camera-069.jpg\" alt=\"\" class=\"wp-image-6953\" srcset=\"https:\/\/www.albergominerva.it\/wp-content\/uploads\/2020\/02\/camera-069.jpg 1000w, https:\/\/www.albergominerva.it\/wp-content\/uploads\/2020\/02\/camera-069-300x200.jpg 300w, https:\/\/www.albergominerva.it\/wp-content\/uploads\/2020\/02\/camera-069-768x512.jpg 768w, https:\/\/www.albergominerva.it\/wp-content\/uploads\/2020\/02\/camera-069-700x467.jpg 700w\" sizes=\"auto, (max-width: 1000px) 100vw, 1000px\" \/><\/figure>\n\n\n\n<figure class=\"wp-block-image size-large\"><img loading=\"lazy\" decoding=\"async\" width=\"800\" height=\"600\" data-id=\"3736\" src=\"https:\/\/www.albergominerva.it\/wp-content\/uploads\/2019\/08\/gall_int_bar_2.jpg\" alt=\"\" class=\"wp-image-3736\" srcset=\"https:\/\/www.albergominerva.it\/wp-content\/uploads\/2019\/08\/gall_int_bar_2.jpg 800w, https:\/\/www.albergominerva.it\/wp-content\/uploads\/2019\/08\/gall_int_bar_2-300x225.jpg 300w, https:\/\/www.albergominerva.it\/wp-content\/uploads\/2019\/08\/gall_int_bar_2-768x576.jpg 768w, https:\/\/www.albergominerva.it\/wp-content\/uploads\/2019\/08\/gall_int_bar_2-700x525.jpg 700w\" sizes=\"auto, (max-width: 800px) 100vw, 800px\" \/><\/figure>\n\n\n\n<figure class=\"wp-block-image size-large\"><img loading=\"lazy\" decoding=\"async\" width=\"800\" height=\"600\" data-id=\"3729\" src=\"https:\/\/www.albergominerva.it\/wp-content\/uploads\/2019\/08\/gall_int_colazione_2.jpg\" alt=\"\" class=\"wp-image-3729\" srcset=\"https:\/\/www.albergominerva.it\/wp-content\/uploads\/2019\/08\/gall_int_colazione_2.jpg 800w, https:\/\/www.albergominerva.it\/wp-content\/uploads\/2019\/08\/gall_int_colazione_2-300x225.jpg 300w, https:\/\/www.albergominerva.it\/wp-content\/uploads\/2019\/08\/gall_int_colazione_2-768x576.jpg 768w, https:\/\/www.albergominerva.it\/wp-content\/uploads\/2019\/08\/gall_int_colazione_2-700x525.jpg 700w\" sizes=\"auto, (max-width: 800px) 100vw, 800px\" \/><\/figure>\n\n\n\n<figure class=\"wp-block-image size-large\"><img loading=\"lazy\" decoding=\"async\" width=\"800\" height=\"600\" data-id=\"3255\" src=\"https:\/\/www.albergominerva.it\/wp-content\/uploads\/2019\/06\/gall_int_hall.jpg\" alt=\"\" class=\"wp-image-3255\" srcset=\"https:\/\/www.albergominerva.it\/wp-content\/uploads\/2019\/06\/gall_int_hall.jpg 800w, https:\/\/www.albergominerva.it\/wp-content\/uploads\/2019\/06\/gall_int_hall-300x225.jpg 300w, https:\/\/www.albergominerva.it\/wp-content\/uploads\/2019\/06\/gall_int_hall-768x576.jpg 768w, https:\/\/www.albergominerva.it\/wp-content\/uploads\/2019\/06\/gall_int_hall-700x525.jpg 700w\" sizes=\"auto, (max-width: 800px) 100vw, 800px\" \/><\/figure>\n\n\n\n<figure class=\"wp-block-image size-large\"><img loading=\"lazy\" decoding=\"async\" width=\"800\" height=\"600\" data-id=\"3231\" src=\"https:\/\/www.albergominerva.it\/wp-content\/uploads\/2019\/06\/gall_int_arearelax.jpg\" alt=\"\" class=\"wp-image-3231\" srcset=\"https:\/\/www.albergominerva.it\/wp-content\/uploads\/2019\/06\/gall_int_arearelax.jpg 800w, https:\/\/www.albergominerva.it\/wp-content\/uploads\/2019\/06\/gall_int_arearelax-300x225.jpg 300w, https:\/\/www.albergominerva.it\/wp-content\/uploads\/2019\/06\/gall_int_arearelax-768x576.jpg 768w, https:\/\/www.albergominerva.it\/wp-content\/uploads\/2019\/06\/gall_int_arearelax-700x525.jpg 700w\" sizes=\"auto, (max-width: 800px) 100vw, 800px\" \/><\/figure>\n\n\n\n<figure class=\"wp-block-image size-large\"><img loading=\"lazy\" decoding=\"async\" width=\"800\" height=\"600\" data-id=\"3223\" src=\"https:\/\/www.albergominerva.it\/wp-content\/uploads\/2019\/06\/gall_int_parcheggio.jpg\" alt=\"\" class=\"wp-image-3223\" srcset=\"https:\/\/www.albergominerva.it\/wp-content\/uploads\/2019\/06\/gall_int_parcheggio.jpg 800w, https:\/\/www.albergominerva.it\/wp-content\/uploads\/2019\/06\/gall_int_parcheggio-300x225.jpg 300w, https:\/\/www.albergominerva.it\/wp-content\/uploads\/2019\/06\/gall_int_parcheggio-768x576.jpg 768w, https:\/\/www.albergominerva.it\/wp-content\/uploads\/2019\/06\/gall_int_parcheggio-700x525.jpg 700w\" sizes=\"auto, (max-width: 800px) 100vw, 800px\" \/><\/figure>\n<\/figure>\n\n\n\n<p>Ausgestattet mit einer Bar, einem Aufzug und einem kostenpflichtigen \u00fcberdachten Parkplatz mit direktem Zugang zum Hotel und 20 verf\u00fcgbaren Pl\u00e4tzen, verf\u00fcgt das Albergo Minerva \u00fcber 56 klimatisierte Zimmer, die alle unterschiedlich sind, mit WLAN-Verbindung und aufgeteilt in Easy-Economy-, Elegant-Standard-, Superior-Zimmer und Junior-Suiten.<\/p>\n\n\n\n<p><a href=\"https:\/\/www.albergominerva.it\/de\/die-zimmer\/billige-zimmer-siena-zentrum\/\">Die Easy-Zimmer mit einem Doppelbett<\/a> oder zwei Einzelbetten auf Anfrage befinden sich auf der Innenseite und bieten eine ruhige Umgebung abseits des historischen Zentrums und haben eine Gr\u00f6\u00dfe von 16 m\u00b2.<\/p>\n\n\n\n<p><a href=\"https:\/\/www.albergominerva.it\/de\/die-zimmer\/zimmer-elegant-siena-zentrum\/\">Die Elegant Standard Zimme<\/a>r, mit modernen M\u00f6beln und Pastellt\u00f6nen an den W\u00e4nden, bieten alle einen Blick auf das historische Zentrum von Siena und haben eine Gr\u00f6\u00dfe von 19 m\u00b2. Sie sind in Einzel- und Doppelzimmer unterteilt und bieten Platz f\u00fcr bis zu 4 Personen.<\/p>\n\n\n\n<p><a href=\"https:\/\/www.albergominerva.it\/de\/die-zimmer\/junior-suite-doppelzimmer-siena-zentrum-2\/\">Die Superior-Zimmer<\/a> bieten alle einen Blick auf die Basilika San Francesco, die Basilika Provenzano und das Porta Ovile und haben eine Gr\u00f6\u00dfe von 19 m\u00b2.<\/p>\n\n\n\n<p><a href=\"https:\/\/www.albergominerva.it\/de\/die-zimmer\/junior-suite-zimmer-aussicht-siena-zentrum\/\">Die Doppel-Junior-Suiten<\/a> blicken auf das historische Zentrum von Siena, verf\u00fcgen \u00fcber eine kleine Terrasse und haben eine Gr\u00f6\u00dfe von 19 m\u00b2. Diese Zimmer sind alle mit einem Doppelbett ausgestattet und k\u00f6nnen auf Anfrage mit zwei separaten Betten ausgestattet werden.<\/p>\n\n\n\n<p>Sie haben die M\u00f6glichkeit, aus zahlreichen Optionen zu w\u00e4hlen, alle ausgestattet mit WLAN f\u00fcr Ihren Aufenthalt, sei es f\u00fcr Freizeit oder Gesch\u00e4ft.<\/p>\n\n\n\n<p>Das Hotel Minerva stellt auch regelm\u00e4\u00dfig eine echte zeitgen\u00f6ssische Kunstgalerie aus, die Werke von Sieneser K\u00fcnstlern zeigt.<\/p>\n\n\n\n<p>Unser Hotel ist ruhig und ideal f\u00fcr Familien mit Kindern; wir haben sogar Kinderbetten, Flaschenw\u00e4rmer, Sterilisatoren und einen Innen-Spielraum.<\/p>\n\n\n\n<p>Das Minerva ist in der N\u00e4he von zwei Spielpl\u00e4tzen und etwa 15 Minuten vom Orto de\u2019 Pecci entfernt, einem pr\u00e4chtigen Garten mit Tieren.<\/p>\n\n\n\n<p>Das Albergo Minerva bietet eine ausgezeichnete Location f\u00fcr Gesch\u00e4ftstreffen, da es mit WLAN und einem Tagungsraum mit Blick auf das historische Zentrum von Siena ausgestattet ist, der Platz f\u00fcr bis zu 40 Personen bietet und einen LED-TV, Projektor, Whiteboard und alle Hauptger\u00e4te bietet.<\/p>\n\n\n\n<p>Was das Fr\u00fchst\u00fcck betrifft, bietet das Hotel Minerva ein k\u00f6stliches, italienisches, internationales Fr\u00fchst\u00fcck mit echten und qualitativ hochwertigen Marmeladen.<\/p>\n\n\n\n<p>Das Hotel Minerva reserviert eine gro\u00dfe sichere Garage f\u00fcr Autos, Motorr\u00e4der und Fahrr\u00e4der. Die Garage befindet sich direkt au\u00dferhalb der verkehrsberuhigten Zone und ist kostenpflichtig.<\/p>\n\n\n\n<p>Sie finden das Hotel in Siena in der Via Garibaldi, 72, nur 2 Autominuten vom Bahnhof entfernt und in einer nicht beschr\u00e4nkten Verkehrszone (ZTL).<\/p>\n\n\n\n<p>Um unser Hotel im Zentrum von Siena mit Parkplatz f\u00fcr April 2025 zu buchen, klicken Sie auf &#8222;Buchen&#8220; in der oberen rechten Ecke oder rufen Sie +39 0577.284474 an oder senden Sie eine E-Mail an <a>info@albergominerva.it<\/a>.<\/p>\n","protected":false},"excerpt":{"rendered":"<p>Wenn Sie nach einem unschlagbaren Angebot f\u00fcr April 2025 suchen, um einen Urlaub in Siena zu verbringen, empfehlen wir Ihnen,<\/p>\n","protected":false},"author":3,"featured_media":0,"parent":0,"menu_order":0,"comment_status":"closed","ping_status":"closed","template":"","meta":{"_acf_changed":false,"footnotes":""},"class_list":["post-14791","page","type-page","status-publish","hentry"],"acf":[],"yoast_head":"<!-- This site is optimized with the Yoast SEO plugin v27.4 - https:\/\/yoast.com\/product\/yoast-seo-wordpress\/ -->\n<title>Siena Hotelangebote f\u00fcr April 2025 - Hotel Minerva Siena<\/title>\n<meta name=\"robots\" content=\"index, follow, max-snippet:-1, max-image-preview:large, max-video-preview:-1\" \/>\n<link rel=\"canonical\" href=\"https:\/\/www.albergominerva.it\/de\/siena-hotelangebote-fuer-april-2025\/\" \/>\n<meta property=\"og:locale\" content=\"de_DE\" \/>\n<meta property=\"og:type\" content=\"article\" \/>\n<meta property=\"og:title\" content=\"Siena Hotelangebote f\u00fcr April 2025 - Hotel Minerva Siena\" \/>\n<meta property=\"og:description\" content=\"Wenn Sie nach einem unschlagbaren Angebot f\u00fcr April 2025 suchen, um einen Urlaub in Siena zu verbringen, empfehlen wir Ihnen,\" \/>\n<meta property=\"og:url\" content=\"https:\/\/www.albergominerva.it\/de\/siena-hotelangebote-fuer-april-2025\/\" \/>\n<meta property=\"og:site_name\" content=\"Hotel Minerva Siena\" \/>\n<meta property=\"article:modified_time\" content=\"2024-03-25T17:57:46+00:00\" \/>\n<meta property=\"og:image\" content=\"https:\/\/www.albergominerva.it\/wp-content\/uploads\/2024\/03\/image.png\" \/>\n<meta name=\"twitter:card\" content=\"summary_large_image\" \/>\n<meta name=\"twitter:label1\" content=\"Gesch\u00e4tzte Lesezeit\" \/>\n\t<meta name=\"twitter:data1\" content=\"6\u00a0Minuten\" \/>\n<script type=\"application\/ld+json\" class=\"yoast-schema-graph\">{\"@context\":\"https:\\\/\\\/schema.org\",\"@graph\":[{\"@type\":\"WebPage\",\"@id\":\"https:\\\/\\\/www.albergominerva.it\\\/de\\\/siena-hotelangebote-fuer-april-2025\\\/\",\"url\":\"https:\\\/\\\/www.albergominerva.it\\\/de\\\/siena-hotelangebote-fuer-april-2025\\\/\",\"name\":\"Siena Hotelangebote f\u00fcr April 2025 - Hotel Minerva Siena\",\"isPartOf\":{\"@id\":\"https:\\\/\\\/www.albergominerva.it\\\/de\\\/#website\"},\"primaryImageOfPage\":{\"@id\":\"https:\\\/\\\/www.albergominerva.it\\\/de\\\/siena-hotelangebote-fuer-april-2025\\\/#primaryimage\"},\"image\":{\"@id\":\"https:\\\/\\\/www.albergominerva.it\\\/de\\\/siena-hotelangebote-fuer-april-2025\\\/#primaryimage\"},\"thumbnailUrl\":\"https:\\\/\\\/www.albergominerva.it\\\/wp-content\\\/uploads\\\/2024\\\/03\\\/image.png\",\"datePublished\":\"2024-03-25T17:41:20+00:00\",\"dateModified\":\"2024-03-25T17:57:46+00:00\",\"breadcrumb\":{\"@id\":\"https:\\\/\\\/www.albergominerva.it\\\/de\\\/siena-hotelangebote-fuer-april-2025\\\/#breadcrumb\"},\"inLanguage\":\"de\",\"potentialAction\":[{\"@type\":\"ReadAction\",\"target\":[\"https:\\\/\\\/www.albergominerva.it\\\/de\\\/siena-hotelangebote-fuer-april-2025\\\/\"]}]},{\"@type\":\"ImageObject\",\"inLanguage\":\"de\",\"@id\":\"https:\\\/\\\/www.albergominerva.it\\\/de\\\/siena-hotelangebote-fuer-april-2025\\\/#primaryimage\",\"url\":\"https:\\\/\\\/www.albergominerva.it\\\/wp-content\\\/uploads\\\/2024\\\/03\\\/image.png\",\"contentUrl\":\"https:\\\/\\\/www.albergominerva.it\\\/wp-content\\\/uploads\\\/2024\\\/03\\\/image.png\"},{\"@type\":\"BreadcrumbList\",\"@id\":\"https:\\\/\\\/www.albergominerva.it\\\/de\\\/siena-hotelangebote-fuer-april-2025\\\/#breadcrumb\",\"itemListElement\":[{\"@type\":\"ListItem\",\"position\":1,\"name\":\"Home\",\"item\":\"https:\\\/\\\/www.albergominerva.it\\\/de\\\/\"},{\"@type\":\"ListItem\",\"position\":2,\"name\":\"Siena Hotelangebote f\u00fcr April 2025\"}]},{\"@type\":\"WebSite\",\"@id\":\"https:\\\/\\\/www.albergominerva.it\\\/de\\\/#website\",\"url\":\"https:\\\/\\\/www.albergominerva.it\\\/de\\\/\",\"name\":\"Hotel Minerva Siena\",\"description\":\"Hotel in Centro Storico a Siena - Toscana - Italy\",\"potentialAction\":[{\"@type\":\"SearchAction\",\"target\":{\"@type\":\"EntryPoint\",\"urlTemplate\":\"https:\\\/\\\/www.albergominerva.it\\\/de\\\/?s={search_term_string}\"},\"query-input\":{\"@type\":\"PropertyValueSpecification\",\"valueRequired\":true,\"valueName\":\"search_term_string\"}}],\"inLanguage\":\"de\"}]}<\/script>\n<!-- \/ Yoast SEO plugin. -->","yoast_head_json":{"title":"Siena Hotelangebote f\u00fcr April 2025 - Hotel Minerva Siena","robots":{"index":"index","follow":"follow","max-snippet":"max-snippet:-1","max-image-preview":"max-image-preview:large","max-video-preview":"max-video-preview:-1"},"canonical":"https:\/\/www.albergominerva.it\/de\/siena-hotelangebote-fuer-april-2025\/","og_locale":"de_DE","og_type":"article","og_title":"Siena Hotelangebote f\u00fcr April 2025 - Hotel Minerva Siena","og_description":"Wenn Sie nach einem unschlagbaren Angebot f\u00fcr April 2025 suchen, um einen Urlaub in Siena zu verbringen, empfehlen wir Ihnen,","og_url":"https:\/\/www.albergominerva.it\/de\/siena-hotelangebote-fuer-april-2025\/","og_site_name":"Hotel Minerva Siena","article_modified_time":"2024-03-25T17:57:46+00:00","og_image":[{"url":"https:\/\/www.albergominerva.it\/wp-content\/uploads\/2024\/03\/image.png","type":"","width":"","height":""}],"twitter_card":"summary_large_image","twitter_misc":{"Gesch\u00e4tzte Lesezeit":"6\u00a0Minuten"},"schema":{"@context":"https:\/\/schema.org","@graph":[{"@type":"WebPage","@id":"https:\/\/www.albergominerva.it\/de\/siena-hotelangebote-fuer-april-2025\/","url":"https:\/\/www.albergominerva.it\/de\/siena-hotelangebote-fuer-april-2025\/","name":"Siena Hotelangebote f\u00fcr April 2025 - Hotel Minerva Siena","isPartOf":{"@id":"https:\/\/www.albergominerva.it\/de\/#website"},"primaryImageOfPage":{"@id":"https:\/\/www.albergominerva.it\/de\/siena-hotelangebote-fuer-april-2025\/#primaryimage"},"image":{"@id":"https:\/\/www.albergominerva.it\/de\/siena-hotelangebote-fuer-april-2025\/#primaryimage"},"thumbnailUrl":"https:\/\/www.albergominerva.it\/wp-content\/uploads\/2024\/03\/image.png","datePublished":"2024-03-25T17:41:20+00:00","dateModified":"2024-03-25T17:57:46+00:00","breadcrumb":{"@id":"https:\/\/www.albergominerva.it\/de\/siena-hotelangebote-fuer-april-2025\/#breadcrumb"},"inLanguage":"de","potentialAction":[{"@type":"ReadAction","target":["https:\/\/www.albergominerva.it\/de\/siena-hotelangebote-fuer-april-2025\/"]}]},{"@type":"ImageObject","inLanguage":"de","@id":"https:\/\/www.albergominerva.it\/de\/siena-hotelangebote-fuer-april-2025\/#primaryimage","url":"https:\/\/www.albergominerva.it\/wp-content\/uploads\/2024\/03\/image.png","contentUrl":"https:\/\/www.albergominerva.it\/wp-content\/uploads\/2024\/03\/image.png"},{"@type":"BreadcrumbList","@id":"https:\/\/www.albergominerva.it\/de\/siena-hotelangebote-fuer-april-2025\/#breadcrumb","itemListElement":[{"@type":"ListItem","position":1,"name":"Home","item":"https:\/\/www.albergominerva.it\/de\/"},{"@type":"ListItem","position":2,"name":"Siena Hotelangebote f\u00fcr April 2025"}]},{"@type":"WebSite","@id":"https:\/\/www.albergominerva.it\/de\/#website","url":"https:\/\/www.albergominerva.it\/de\/","name":"Hotel Minerva Siena","description":"Hotel in Centro Storico a Siena - Toscana - Italy","potentialAction":[{"@type":"SearchAction","target":{"@type":"EntryPoint","urlTemplate":"https:\/\/www.albergominerva.it\/de\/?s={search_term_string}"},"query-input":{"@type":"PropertyValueSpecification","valueRequired":true,"valueName":"search_term_string"}}],"inLanguage":"de"}]}},"_links":{"self":[{"href":"https:\/\/www.albergominerva.it\/de\/wp-json\/wp\/v2\/pages\/14791","targetHints":{"allow":["GET"]}}],"collection":[{"href":"https:\/\/www.albergominerva.it\/de\/wp-json\/wp\/v2\/pages"}],"about":[{"href":"https:\/\/www.albergominerva.it\/de\/wp-json\/wp\/v2\/types\/page"}],"author":[{"embeddable":true,"href":"https:\/\/www.albergominerva.it\/de\/wp-json\/wp\/v2\/users\/3"}],"replies":[{"embeddable":true,"href":"https:\/\/www.albergominerva.it\/de\/wp-json\/wp\/v2\/comments?post=14791"}],"version-history":[{"count":2,"href":"https:\/\/www.albergominerva.it\/de\/wp-json\/wp\/v2\/pages\/14791\/revisions"}],"predecessor-version":[{"id":14802,"href":"https:\/\/www.albergominerva.it\/de\/wp-json\/wp\/v2\/pages\/14791\/revisions\/14802"}],"wp:attachment":[{"href":"https:\/\/www.albergominerva.it\/de\/wp-json\/wp\/v2\/media?parent=14791"}],"curies":[{"name":"wp","href":"https:\/\/api.w.org\/{rel}","templated":true}]}}