{"id":5911,"date":"2019-06-17T17:25:33","date_gmt":"2019-06-17T15:25:33","guid":{"rendered":"https:\/\/www.albergominerva.it\/home-page\/"},"modified":"2025-11-13T07:26:37","modified_gmt":"2025-11-13T06:26:37","slug":"home-page","status":"publish","type":"page","link":"https:\/\/www.albergominerva.it\/de\/","title":{"rendered":"Home"},"content":{"rendered":"<div class=\"wpb-content-wrapper\"><p>[vc_row][vc_column]\n\t\t\t\t<p class=\"rs-p-wp-fix\"><\/p>\n\t\t\t\t<sr7-module data-alias=\"slider-1\" data-id=\"1\" id=\"SR7_1_1\" class=\"rs-ov-hidden\" data-version=\"6.7.52\">\n\t\t\t\t\t<sr7-adjuster><\/sr7-adjuster>\n\t\t\t\t\t<sr7-content>\n\t\t\t\t\t\t<sr7-slide id=\"SR7_1_1-1\" data-key=\"1\">\n\t\t\t\t\t\t<\/sr7-slide>\n\t\t\t\t\t\t<sr7-slide id=\"SR7_1_1-2\" data-key=\"2\">\n\t\t\t\t\t\t<\/sr7-slide>\n\t\t\t\t\t<\/sr7-content>\n\t\t\t\t<\/sr7-module>\n\t\t\t\t<script>\n\t\t\t\t\twindow.SR7 ??={};SR7.PMH ??={}; SR7.PMH[\"SR7_1_1\"] = {cn:100,state:false,fn: function() { if (window._tpt!==undefined && window._tpt.prepareModuleHeight !== undefined) {  _tpt.prepareModuleHeight({id:\"SR7_1_1\",el:[900,900,768,960,720],type:'standard',shdw:'0',gh:[900,900,743,565,349],gw:[1240,1240,1024,778,480],vpt:['-100px'],size:{fullWidth:true, fullHeight:false},mh:'0',onh:0,onw:0,bg:{color:'{\"orig\":\"transparent\",\"type\":\"solid\",\"string\":\"transparent\"}'}});   SR7.PMH[\"SR7_1_1\"].state=true;} else if(SR7.PMH[\"SR7_1_1\"].cn-->0)\tsetTimeout( SR7.PMH[\"SR7_1_1\"].fn,19);}};SR7.PMH[\"SR7_1_1\" ].fn();\n\t\t\t\t<\/script>\n[vc_column_text css_animation=&#8220;fadeIn&#8220; css=&#8220;&#8220; woodmart_inline=&#8220;no&#8220; text_larger=&#8220;no&#8220; el_class=&#8220;txt-slide-video&#8220;]<\/p>\n<h1><strong>Hotel<\/strong> im Zentrum von <strong>SIENA<\/strong><\/h1>\n<h2>Ein unvergessliches<br \/>\nErlebnis <strong>in Siena<\/strong><\/h2>\n<p>Gro\u00dfer und bequemer \u00fcberdachter Privatparkplatz, leicht zug\u00e4nglich mit internem Zugang zum Hotel<\/p>\n<p>[\/vc_column_text][\/vc_column][\/vc_row][vc_row el_class=&#8220;simple-booking-hotel-siena&#8220; woodmart_css_id=&#8220;68d6af363425f&#8220; responsive_spacing=&#8220;eyJwYXJhbV90eXBlIjoid29vZG1hcnRfcmVzcG9uc2l2ZV9zcGFjaW5nIiwic2VsZWN0b3JfaWQiOiI2OGQ2YWYzNjM0MjVmIiwic2hvcnRjb2RlIjoidmNfcm93IiwiZGF0YSI6eyJ0YWJsZXQiOnt9LCJtb2JpbGUiOnt9fX0=&#8220; mobile_bg_img_hidden=&#8220;no&#8220; tablet_bg_img_hidden=&#8220;no&#8220; woodmart_parallax=&#8220;0&#8243; woodmart_gradient_switch=&#8220;no&#8220; woodmart_box_shadow=&#8220;no&#8220; wd_z_index=&#8220;no&#8220; woodmart_disable_overflow=&#8220;0&#8243; row_reverse_mobile=&#8220;0&#8243; row_reverse_tablet=&#8220;0&#8243;][vc_column][vc_column_text css=&#8220;&#8220; woodmart_inline=&#8220;no&#8220; text_larger=&#8220;no&#8220;]<\/p>\n<div id=\"sb-container\">Simple Booking loading&#8230;<\/div>\n<p>[\/vc_column_text][\/vc_column][\/vc_row][vc_row full_width=&#8220;stretch_row&#8220; woodmart_stretch_content=&#8220;section-stretch&#8220; el_class=&#8220;hotel-siena-subslide&#8220; css=&#8220;.vc_custom_1761717667973{background-image: url(https:\/\/www.albergominerva.it\/wp-content\/uploads\/2025\/09\/hotel-siena-minerva-bg.webp?id=20375) !important;}&#8220; woodmart_css_id=&#8220;6901ada11542f&#8220; responsive_spacing=&#8220;eyJwYXJhbV90eXBlIjoid29vZG1hcnRfcmVzcG9uc2l2ZV9zcGFjaW5nIiwic2VsZWN0b3JfaWQiOiI2OTAxYWRhMTE1NDJmIiwic2hvcnRjb2RlIjoidmNfcm93IiwiZGF0YSI6eyJ0YWJsZXQiOnt9LCJtb2JpbGUiOnt9fX0=&#8220; mobile_bg_img_hidden=&#8220;no&#8220; tablet_bg_img_hidden=&#8220;no&#8220; woodmart_parallax=&#8220;0&#8243; woodmart_gradient_switch=&#8220;no&#8220; woodmart_box_shadow=&#8220;no&#8220; wd_z_index=&#8220;no&#8220; woodmart_disable_overflow=&#8220;0&#8243; row_reverse_mobile=&#8220;0&#8243; row_reverse_tablet=&#8220;0&#8243;][vc_column width=&#8220;5\/12&#8243;]\t\t<div id=\"gallery_724\" class=\"wd-images-gallery wd-wpb wd-rs-68d5399888c2b wd-off-anim wpb_animate_when_almost_visible wpb_fadeIn fadeIn wd-anim-name_fadeIn wd-carousel-container wd-wpb\" style=\"--wd-justify-content:center;--wd-align-items:center;\">\n\t\t\t\t\t\t\t<div class=\"wd-carousel-inner\">\n\t\t\t\n\t\t\t<div class=\" wd-carousel wd-grid\"data-speed=\"5000\" data-wrap=\"yes\" data-autoplay=\"yes\" data-scroll_per_page=\"yes\" style=\"--wd-col-lg:1;--wd-col-md:1;--wd-col-sm:1;--wd-gap-lg:0px;\">\n\t\t\t\t\t\t\t\t\t<div class=\"wd-carousel-wrap\">\n\t\t\t\t\n\t\t\t\t\t\t\t\t\t\t\t\t\t\t\t<div class=\"wd-gallery-item wd-carousel-item\">\n\t\t\t\t\t\t\t\n\t\t\t\t\t\t\t\t<img loading=\"lazy\" decoding=\"async\" width=\"1082\" height=\"722\" src=\"https:\/\/www.albergominerva.it\/wp-content\/uploads\/2025\/09\/hotel-siena-gallery-home-01.webp\" class=\"wd-gallery-image image-1\" alt=\"\" srcset=\"https:\/\/www.albergominerva.it\/wp-content\/uploads\/2025\/09\/hotel-siena-gallery-home-01.webp 1082w, https:\/\/www.albergominerva.it\/wp-content\/uploads\/2025\/09\/hotel-siena-gallery-home-01-300x200.webp 300w, https:\/\/www.albergominerva.it\/wp-content\/uploads\/2025\/09\/hotel-siena-gallery-home-01-1024x683.webp 1024w, https:\/\/www.albergominerva.it\/wp-content\/uploads\/2025\/09\/hotel-siena-gallery-home-01-768x512.webp 768w\" sizes=\"auto, (max-width: 1082px) 100vw, 1082px\" \/>\n\t\t\t\t\t\t\t\t\t\t\t\t\t\t<\/div>\n\t\t\t\t\t\t\t\t\t\t\t<div class=\"wd-gallery-item wd-carousel-item\">\n\t\t\t\t\t\t\t\n\t\t\t\t\t\t\t\t<img loading=\"lazy\" decoding=\"async\" width=\"1082\" height=\"722\" src=\"https:\/\/www.albergominerva.it\/wp-content\/uploads\/2025\/09\/hotel-siena-gallery-home-02.webp\" class=\"wd-gallery-image image-2\" alt=\"\" srcset=\"https:\/\/www.albergominerva.it\/wp-content\/uploads\/2025\/09\/hotel-siena-gallery-home-02.webp 1082w, https:\/\/www.albergominerva.it\/wp-content\/uploads\/2025\/09\/hotel-siena-gallery-home-02-300x200.webp 300w, https:\/\/www.albergominerva.it\/wp-content\/uploads\/2025\/09\/hotel-siena-gallery-home-02-1024x683.webp 1024w, https:\/\/www.albergominerva.it\/wp-content\/uploads\/2025\/09\/hotel-siena-gallery-home-02-768x512.webp 768w\" sizes=\"auto, (max-width: 1082px) 100vw, 1082px\" \/>\n\t\t\t\t\t\t\t\t\t\t\t\t\t\t<\/div>\n\t\t\t\t\t\t\t\t\t\t\t<div class=\"wd-gallery-item wd-carousel-item\">\n\t\t\t\t\t\t\t\n\t\t\t\t\t\t\t\t<img loading=\"lazy\" decoding=\"async\" width=\"1082\" height=\"722\" src=\"https:\/\/www.albergominerva.it\/wp-content\/uploads\/2025\/09\/hotel-siena-gallery-home-03.webp\" class=\"wd-gallery-image image-3\" alt=\"\" srcset=\"https:\/\/www.albergominerva.it\/wp-content\/uploads\/2025\/09\/hotel-siena-gallery-home-03.webp 1082w, https:\/\/www.albergominerva.it\/wp-content\/uploads\/2025\/09\/hotel-siena-gallery-home-03-300x200.webp 300w, https:\/\/www.albergominerva.it\/wp-content\/uploads\/2025\/09\/hotel-siena-gallery-home-03-1024x683.webp 1024w, https:\/\/www.albergominerva.it\/wp-content\/uploads\/2025\/09\/hotel-siena-gallery-home-03-768x512.webp 768w\" sizes=\"auto, (max-width: 1082px) 100vw, 1082px\" \/>\n\t\t\t\t\t\t\t\t\t\t\t\t\t\t<\/div>\n\t\t\t\t\t\t\t\t\t\n\t\t\t\t\t\t\t\t\t<\/div>\n\t\t\t\t\t\t\t<\/div>\n\n\t\t\t\t\t\t\t\t\t\t\t\t\t\t<div class=\"wd-nav-arrows wd-pos-sep wd-icon-1\">\n\t\t\t<div class=\"wd-btn-arrow wd-prev wd-disabled\">\n\t\t\t\t<div class=\"wd-arrow-inner\"><\/div>\n\t\t\t<\/div>\n\t\t\t<div class=\"wd-btn-arrow wd-next\">\n\t\t\t\t<div class=\"wd-arrow-inner\"><\/div>\n\t\t\t<\/div>\n\t\t<\/div>\n\t\t\t\t\t\t\n\t\t\t\t<\/div>\n\n\t\t\t\t\t\t\t\t\t\t\t\t\t<\/div>\n\t\t[\/vc_column][vc_column width=&#8220;7\/12&#8243;][vc_column_text css_animation=&#8220;fadeIn&#8220; css=&#8220;&#8220; woodmart_inline=&#8220;no&#8220; text_larger=&#8220;no&#8220;]<\/p>\n<h3>Warum Sie Ihren Urlaub jetzt direkt<br \/>\n\u00fcber unsere Webseite buchen sollten<\/h3>\n<h4>Ein idealer Ort f\u00fcr alle G\u00e4ste, von Familien bis zu Gesch\u00e4ftsreisenden.<\/h4>\n<p>[\/vc_column_text][vc_column_text css_animation=&#8220;fadeIn&#8220; css=&#8220;&#8220; woodmart_inline=&#8220;no&#8220; text_larger=&#8220;no&#8220;]<\/p>\n<ul class=\"book-siena-hotel\">\n<li>Kostenlose stornierung<\/li>\n<li>Bezahlung im hotel Ohne vorauszahlung<br \/>\nKeine kreditkarte als sicherheit erforderlich<\/li>\n<li>Beste garantierte rate<br \/>\n-10% auf die booking.com rate<\/li>\n<li>Sonderangebote f\u00fcr aufenthalte ab 2 n\u00e4chten<\/li>\n<li>Wenige schritte von der piazza del campo<\/li>\n<li>\u00dcberwachter \u00fcberdachter parkplatz<\/li>\n<li>Fr\u00fchst\u00fcck im preis enthalten<\/li>\n<li>Typische restaurants und trattorien in der n\u00e4he des hotels<\/li>\n<li>Klimaanlage, Aufzug, tagungsraum<\/li>\n<li>Portierzeug 24 stunden am tag mit personal<\/li>\n<li>Garten mit einzigartigem blick auf die mittelalterlichen viertel der stadt<\/li>\n<li>Haustierfreundliches hotel<br \/>\nHaustiere erlaubt mit einem aufpreis von 15 euro<\/li>\n<\/ul>\n<p>[\/vc_column_text][\/vc_column][\/vc_row][vc_row full_width=&#8220;stretch_row_content&#8220; equal_height=&#8220;yes&#8220; content_placement=&#8220;middle&#8220; woodmart_stretch_content=&#8220;section-stretch-content&#8220; el_class=&#8220;family-hotel-siena-tuscany&#8220; woodmart_css_id=&#8220;68d61a4e0fe5e&#8220; responsive_spacing=&#8220;eyJwYXJhbV90eXBlIjoid29vZG1hcnRfcmVzcG9uc2l2ZV9zcGFjaW5nIiwic2VsZWN0b3JfaWQiOiI2OGQ2MWE0ZTBmZTVlIiwic2hvcnRjb2RlIjoidmNfcm93IiwiZGF0YSI6eyJ0YWJsZXQiOnt9LCJtb2JpbGUiOnt9fX0=&#8220; mobile_bg_img_hidden=&#8220;no&#8220; tablet_bg_img_hidden=&#8220;no&#8220; woodmart_parallax=&#8220;0&#8243; woodmart_gradient_switch=&#8220;no&#8220; woodmart_box_shadow=&#8220;no&#8220; wd_z_index=&#8220;no&#8220; woodmart_disable_overflow=&#8220;0&#8243; row_reverse_mobile=&#8220;0&#8243; row_reverse_tablet=&#8220;0&#8243;][vc_column width=&#8220;1\/3&#8243;][vc_column_text css_animation=&#8220;fadeIn&#8220; css=&#8220;&#8220; woodmart_inline=&#8220;no&#8220; text_larger=&#8220;no&#8220;]<\/p>\n<p><strong>HOTEL MINERVA<\/strong><\/p>\n<h3>Genie\u00dfen Sie Ihren Aufenthalt bei uns in der einzigartigen Altstadt von Siena<\/h3>\n<p>Das Hotel Minerva ist eins der Traditionsh\u00e4user in Siena: Das 3-Sterne-Hotel verf\u00fcgt \u00fcber 56 Zimmer vier verschiedener Kategorien: <a href=\"https:\/\/www.albergominerva.it\/de\/die-zimmer\/billige-zimmer-siena-zentrum\/\">Easy<\/a>, <a href=\"https:\/\/www.albergominerva.it\/de\/die-zimmer\/zimmer-elegant-siena-zentrum\/\">Elegant Standard<\/a>, <a href=\"https:\/\/www.albergominerva.it\/de\/die-zimmer\/junior-suite-doppelzimmer-siena-zentrum-2\/\">Camera Superior<\/a> und <a href=\"https:\/\/www.albergominerva.it\/de\/die-zimmer\/junior-suite-zimmer-aussicht-siena-zentrum\/\">Junior Suite<\/a>.<br \/>\nDie Zimmer sind individuell gestaltet und von unterschiedlichem Zuschnitt und Lage und spiegeln die typische Architektur eines historischen Stadtpalastes wider.<br \/>\nDie Auswahl ist gro\u00df, von kleinen, besonders ruhig gelegenen Zimmern \u00fcber gr\u00f6\u00dfere mit Blick auf die Altstadt bis zu gro\u00dfz\u00fcgig-romantischen mit Privatbalkon.[\/vc_column_text][\/vc_column][vc_column width=&#8220;2\/3&#8243;][vc_single_image image=&#8220;20725&#8243; img_size=&#8220;full&#8220; css_animation=&#8220;fadeIn&#8220; css=&#8220;&#8220; parallax_scroll=&#8220;no&#8220; woodmart_inline=&#8220;no&#8220;][\/vc_column][\/vc_row][vc_row equal_height=&#8220;yes&#8220; content_placement=&#8220;middle&#8220; el_class=&#8220;hotel-siena-tuscany-experiences&#8220; woodmart_css_id=&#8220;68d61a5cb4e0a&#8220; responsive_spacing=&#8220;eyJwYXJhbV90eXBlIjoid29vZG1hcnRfcmVzcG9uc2l2ZV9zcGFjaW5nIiwic2VsZWN0b3JfaWQiOiI2OGQ2MWE1Y2I0ZTBhIiwic2hvcnRjb2RlIjoidmNfcm93IiwiZGF0YSI6eyJ0YWJsZXQiOnt9LCJtb2JpbGUiOnt9fX0=&#8220; mobile_bg_img_hidden=&#8220;no&#8220; tablet_bg_img_hidden=&#8220;no&#8220; woodmart_parallax=&#8220;0&#8243; woodmart_gradient_switch=&#8220;no&#8220; woodmart_box_shadow=&#8220;no&#8220; wd_z_index=&#8220;no&#8220; woodmart_disable_overflow=&#8220;0&#8243; row_reverse_mobile=&#8220;0&#8243; row_reverse_tablet=&#8220;0&#8243;][vc_column width=&#8220;7\/12&#8243;][vc_row_inner woodmart_css_id=&#8220;68d69dfea90a4&#8243; responsive_spacing=&#8220;eyJwYXJhbV90eXBlIjoid29vZG1hcnRfcmVzcG9uc2l2ZV9zcGFjaW5nIiwic2VsZWN0b3JfaWQiOiI2OGQ2OWRmZWE5MGE0Iiwic2hvcnRjb2RlIjoidmNfcm93X2lubmVyIiwiZGF0YSI6eyJ0YWJsZXQiOnt9LCJtb2JpbGUiOnt9fX0=&#8220; mobile_bg_img_hidden=&#8220;no&#8220; tablet_bg_img_hidden=&#8220;no&#8220; woodmart_parallax=&#8220;0&#8243; woodmart_gradient_switch=&#8220;no&#8220; woodmart_box_shadow=&#8220;no&#8220; wd_z_index=&#8220;no&#8220; woodmart_disable_overflow=&#8220;0&#8243; row_reverse_mobile=&#8220;0&#8243; row_reverse_tablet=&#8220;0&#8243;][vc_column_inner width=&#8220;1\/2&#8243;]\t\t<div class=\"promo-banner-wrapper  wd-rs-6915790cf0cce \">\n\t\t\t<div id=\"wd-6915790cf0cce\" class=\"promo-banner  banner- banner-hover-zoom color-scheme-light banner-btn-size-default banner-btn-style-default  wd-with-link wd-underline-colored\">\n\t\t\t\t<div class=\"main-wrapp-img\">\n\t\t\t\t\t<div class=\"banner-image wd-bg-position-center\" >\n\t\t\t\t\t\t<img loading=\"lazy\" decoding=\"async\" width=\"1920\" height=\"1000\" src=\"https:\/\/www.albergominerva.it\/wp-content\/uploads\/2025\/10\/header-famiglie-1.jpg\" class=\"attachment-full size-full\" alt=\"\" \/>\t\t\t\t\t<\/div>\n\t\t\t\t<\/div>\n\n\t\t\t\t<div class=\"wrapper-content-banner wd-fill  wd-items-bottom wd-justify-left\">\n\t\t\t\t\t<div class=\"content-banner  text-left\">\n\t\t\t\t\t\t<h4 class=\"banner-title wd-font-weight- wd-fontsize-l\">Familienurlaub<\/h4>\t\t\t\t\t\t\n\t\t\t\t\t\t\n\t\t\t\t\t\t\t\t\t\t\t<\/div>\n\t\t\t\t<\/div>\n\n\t\t\t\t\t\t\t\t\t<a class=\"wd-promo-banner-link wd-fill\" aria-label=\"Banner link\" href=\"https:\/\/www.albergominerva.it\/de\/hotel-famiglie-bambini-siena-centro\/\" title=\"Familien\"><\/a>\n\t\t\t\t\n\t\t\t\t\t\t\t<\/div>\n\t\t<\/div>\n\n\t\t[\/vc_column_inner][vc_column_inner width=&#8220;1\/2&#8243;]\t\t<div class=\"promo-banner-wrapper  wd-rs-691579361e21e \">\n\t\t\t<div id=\"wd-691579361e21e\" class=\"promo-banner  banner- banner-hover-zoom color-scheme-light banner-btn-size-default banner-btn-style-default  wd-with-link wd-underline-colored\">\n\t\t\t\t<div class=\"main-wrapp-img\">\n\t\t\t\t\t<div class=\"banner-image wd-bg-position-center\" >\n\t\t\t\t\t\t<img loading=\"lazy\" decoding=\"async\" width=\"1500\" height=\"880\" src=\"https:\/\/www.albergominerva.it\/wp-content\/uploads\/2025\/09\/albergo-dormire-eroica-siena.webp\" class=\"attachment-full size-full\" alt=\"\" \/>\t\t\t\t\t<\/div>\n\t\t\t\t<\/div>\n\n\t\t\t\t<div class=\"wrapper-content-banner wd-fill  wd-items-bottom wd-justify-left\">\n\t\t\t\t\t<div class=\"content-banner  text-left\">\n\t\t\t\t\t\t<h4 class=\"banner-title wd-font-weight- wd-fontsize-l\">Radfahrer und Motorradfahrer<\/h4>\t\t\t\t\t\t\n\t\t\t\t\t\t\n\t\t\t\t\t\t\t\t\t\t\t<\/div>\n\t\t\t\t<\/div>\n\n\t\t\t\t\t\t\t\t\t<a class=\"wd-promo-banner-link wd-fill\" aria-label=\"Banner link\" href=\"https:\/\/www.albergominerva.it\/de\/hotel-ciclisti-motociclisti-siena-centro\/\" title=\"Das Hotel\"><\/a>\n\t\t\t\t\n\t\t\t\t\t\t\t<\/div>\n\t\t<\/div>\n\n\t\t[\/vc_column_inner][\/vc_row_inner][vc_empty_space height=&#8220;30px&#8220; woodmart_hide_large=&#8220;0&#8243; woodmart_hide_medium=&#8220;0&#8243; woodmart_hide_small=&#8220;0&#8243;][vc_row_inner woodmart_css_id=&#8220;68d69e07645b4&#8243; responsive_spacing=&#8220;eyJwYXJhbV90eXBlIjoid29vZG1hcnRfcmVzcG9uc2l2ZV9zcGFjaW5nIiwic2VsZWN0b3JfaWQiOiI2OGQ2OWUwNzY0NWI0Iiwic2hvcnRjb2RlIjoidmNfcm93X2lubmVyIiwiZGF0YSI6eyJ0YWJsZXQiOnt9LCJtb2JpbGUiOnt9fX0=&#8220; mobile_bg_img_hidden=&#8220;no&#8220; tablet_bg_img_hidden=&#8220;no&#8220; woodmart_parallax=&#8220;0&#8243; woodmart_gradient_switch=&#8220;no&#8220; woodmart_box_shadow=&#8220;no&#8220; wd_z_index=&#8220;no&#8220; woodmart_disable_overflow=&#8220;0&#8243; row_reverse_mobile=&#8220;0&#8243; row_reverse_tablet=&#8220;0&#8243;][vc_column_inner width=&#8220;1\/2&#8243;]\t\t<div class=\"promo-banner-wrapper  wd-rs-69157972acc53 \">\n\t\t\t<div id=\"wd-69157972acc53\" class=\"promo-banner  banner- banner-hover-zoom color-scheme-light banner-btn-size-default banner-btn-style-default  wd-with-link wd-underline-colored\">\n\t\t\t\t<div class=\"main-wrapp-img\">\n\t\t\t\t\t<div class=\"banner-image wd-bg-position-center\" >\n\t\t\t\t\t\t<img loading=\"lazy\" decoding=\"async\" width=\"1500\" height=\"880\" src=\"https:\/\/www.albergominerva.it\/wp-content\/uploads\/2025\/09\/hotel-meeting-eventi-siena-toscana.webp\" class=\"attachment-full size-full\" alt=\"\" \/>\t\t\t\t\t<\/div>\n\t\t\t\t<\/div>\n\n\t\t\t\t<div class=\"wrapper-content-banner wd-fill  wd-items-bottom wd-justify-left\">\n\t\t\t\t\t<div class=\"content-banner  text-left\">\n\t\t\t\t\t\t<h4 class=\"banner-title wd-font-weight- wd-fontsize-l\">Gesch\u00e4ftsreisende<\/h4>\t\t\t\t\t\t\n\t\t\t\t\t\t\n\t\t\t\t\t\t\t\t\t\t\t<\/div>\n\t\t\t\t<\/div>\n\n\t\t\t\t\t\t\t\t\t<a class=\"wd-promo-banner-link wd-fill\" aria-label=\"Banner link\" href=\"https:\/\/www.albergominerva.it\/de\/hotel-business-siena-toskana\/\" title=\"Business Hotel a Siena\"><\/a>\n\t\t\t\t\n\t\t\t\t\t\t\t<\/div>\n\t\t<\/div>\n\n\t\t[\/vc_column_inner][vc_column_inner width=&#8220;1\/2&#8243;]\t\t<div class=\"promo-banner-wrapper  wd-rs-691579995c70e \">\n\t\t\t<div id=\"wd-691579995c70e\" class=\"promo-banner  banner- banner-hover-zoom color-scheme-light banner-btn-size-default banner-btn-style-default  wd-with-link wd-underline-colored\">\n\t\t\t\t<div class=\"main-wrapp-img\">\n\t\t\t\t\t<div class=\"banner-image wd-bg-position-center\" >\n\t\t\t\t\t\t<img loading=\"lazy\" decoding=\"async\" width=\"1500\" height=\"880\" src=\"https:\/\/www.albergominerva.it\/wp-content\/uploads\/2025\/09\/horse-riding-siena-tuscany-experience.webp\" class=\"attachment-full size-full\" alt=\"\" \/>\t\t\t\t\t<\/div>\n\t\t\t\t<\/div>\n\n\t\t\t\t<div class=\"wrapper-content-banner wd-fill  wd-items-bottom wd-justify-left\">\n\t\t\t\t\t<div class=\"content-banner  text-left\">\n\t\t\t\t\t\t<h4 class=\"banner-title wd-font-weight- wd-fontsize-l\">Reiten in der<br \/>\nSieneser H\u00fcgellandschaft<\/h4>\t\t\t\t\t\t\n\t\t\t\t\t\t\n\t\t\t\t\t\t\t\t\t\t\t<\/div>\n\t\t\t\t<\/div>\n\n\t\t\t\t\t\t\t\t\t<a class=\"wd-promo-banner-link wd-fill\" aria-label=\"Banner link\" href=\"https:\/\/www.albergominerva.it\/de\/hotel-garage-parkplatz-siena-zentrum\/#horseriding\" title=\"Servizi\"><\/a>\n\t\t\t\t\n\t\t\t\t\t\t\t<\/div>\n\t\t<\/div>\n\n\t\t[\/vc_column_inner][\/vc_row_inner][\/vc_column][vc_column width=&#8220;5\/12&#8243; el_class=&#8220;cl-experiences-siena&#8220; woodmart_css_id=&#8220;68d619e981add&#8220; parallax_scroll=&#8220;no&#8220; woodmart_sticky_column=&#8220;false&#8220; wd_collapsible_content_switcher=&#8220;no&#8220; wd_column_role_offcanvas_desktop=&#8220;no&#8220; wd_column_role_offcanvas_tablet=&#8220;no&#8220; wd_column_role_offcanvas_mobile=&#8220;no&#8220; wd_column_role_content_desktop=&#8220;no&#8220; wd_column_role_content_tablet=&#8220;no&#8220; wd_column_role_content_mobile=&#8220;no&#8220; mobile_bg_img_hidden=&#8220;no&#8220; tablet_bg_img_hidden=&#8220;no&#8220; woodmart_parallax=&#8220;0&#8243; woodmart_box_shadow=&#8220;no&#8220; responsive_spacing=&#8220;eyJwYXJhbV90eXBlIjoid29vZG1hcnRfcmVzcG9uc2l2ZV9zcGFjaW5nIiwic2VsZWN0b3JfaWQiOiI2OGQ2MTllOTgxYWRkIiwic2hvcnRjb2RlIjoidmNfY29sdW1uIiwiZGF0YSI6eyJ0YWJsZXQiOnt9LCJtb2JpbGUiOnt9fX0=&#8220; mobile_reset_margin=&#8220;no&#8220; tablet_reset_margin=&#8220;no&#8220; wd_z_index=&#8220;no&#8220;][vc_column_text css_animation=&#8220;fadeIn&#8220; css=&#8220;&#8220; woodmart_inline=&#8220;no&#8220; text_larger=&#8220;no&#8220;]<\/p>\n<h4>Das Hotel Minerva liegt im n\u00f6rdlichen Teil der Altstadt innerhalb der Stadtmauern, nur wenige Schritte von der Piazza del Campo, dem Hauptplatz und Herzst\u00fcck Sienas, entfernt, wo der weltweit ber\u00fchmte Palio stattfindet.<\/h4>\n<p>Im Hotel Minerva f\u00fchlen sich Gesch\u00e4ftsreisende genauso wohl wie Urlauber, die sich auf die Entdeckung von Siena und den sch\u00f6nsten St\u00e4dten der Toskana begeben m\u00f6chten. Unser besonderer Pluspunkt ist der herzliche Empfang und der engagierte Kundenservice, die wir unseren G\u00e4sten seit 60 Jahren zukommen lassen.<\/p>\n<p>[\/vc_column_text][\/vc_column][\/vc_row][vc_row full_width=&#8220;stretch_row_content_no_spaces&#8220; parallax=&#8220;content-moving&#8220; parallax_image=&#8220;20664&#8243; woodmart_stretch_content=&#8220;section-stretch-content-no-pd&#8220; el_class=&#8220;siena-hotel-top-price&#8220; css=&#8220;.vc_custom_1759335319431{background-image: url(https:\/\/www.albergominerva.it\/wp-content\/uploads\/2025\/10\/hotel-siena-rooms-bg-scaled.webp?id=20664) !important;}&#8220; woodmart_css_id=&#8220;68dd5387b21e6&#8243; responsive_spacing=&#8220;eyJwYXJhbV90eXBlIjoid29vZG1hcnRfcmVzcG9uc2l2ZV9zcGFjaW5nIiwic2VsZWN0b3JfaWQiOiI2OGRkNTM4N2IyMWU2Iiwic2hvcnRjb2RlIjoidmNfcm93IiwiZGF0YSI6eyJ0YWJsZXQiOnt9LCJtb2JpbGUiOnt9fX0=&#8220; mobile_bg_img_hidden=&#8220;no&#8220; tablet_bg_img_hidden=&#8220;no&#8220; woodmart_parallax=&#8220;0&#8243; woodmart_gradient_switch=&#8220;no&#8220; woodmart_box_shadow=&#8220;no&#8220; wd_z_index=&#8220;no&#8220; woodmart_disable_overflow=&#8220;0&#8243; row_reverse_mobile=&#8220;0&#8243; row_reverse_tablet=&#8220;0&#8243;][vc_column][vc_column_text css=&#8220;&#8220; woodmart_inline=&#8220;no&#8220; text_larger=&#8220;no&#8220;]<\/p>\n<h2>Buchen Sie \u00fcber diese Webseite<br \/>\nmit <strong>Bestpreis-Garantie<\/strong>!<\/h2>\n<p>[\/vc_column_text][\/vc_column][\/vc_row][vc_row el_class=&#8220;siena-rooms-grid&#8220; woodmart_css_id=&#8220;68df56023f200&#8243; responsive_spacing=&#8220;eyJwYXJhbV90eXBlIjoid29vZG1hcnRfcmVzcG9uc2l2ZV9zcGFjaW5nIiwic2VsZWN0b3JfaWQiOiI2OGRmNTYwMjNmMjAwIiwic2hvcnRjb2RlIjoidmNfcm93IiwiZGF0YSI6eyJ0YWJsZXQiOnt9LCJtb2JpbGUiOnt9fX0=&#8220; mobile_bg_img_hidden=&#8220;no&#8220; tablet_bg_img_hidden=&#8220;no&#8220; woodmart_parallax=&#8220;0&#8243; woodmart_gradient_switch=&#8220;no&#8220; woodmart_box_shadow=&#8220;no&#8220; wd_z_index=&#8220;no&#8220; woodmart_disable_overflow=&#8220;0&#8243; row_reverse_mobile=&#8220;0&#8243; row_reverse_tablet=&#8220;0&#8243;][vc_column width=&#8220;1\/2&#8243;]\t\t<div class=\"promo-banner-wrapper  wd-rs-69149a2ae7bb7 \">\n\t\t\t<div id=\"wd-69149a2ae7bb7\" class=\"promo-banner  banner- banner-hover-zoom color-scheme-light banner-btn-size-default banner-btn-style-default  wd-with-link wd-underline-colored\">\n\t\t\t\t<div class=\"main-wrapp-img\">\n\t\t\t\t\t<div class=\"banner-image wd-bg-position-center\" >\n\t\t\t\t\t\t<img loading=\"lazy\" decoding=\"async\" width=\"1268\" height=\"661\" src=\"https:\/\/www.albergominerva.it\/wp-content\/uploads\/2025\/10\/siena-hotem-room-junior-suite.webp\" class=\"attachment-full size-full\" alt=\"\" \/>\t\t\t\t\t<\/div>\n\t\t\t\t<\/div>\n\n\t\t\t\t<div class=\"wrapper-content-banner wd-fill  wd-items-bottom wd-justify-left\">\n\t\t\t\t\t<div class=\"content-banner  text-left\">\n\t\t\t\t\t\t<h4 class=\"banner-title wd-font-weight- wd-fontsize-l\">Junior Suite<\/h4>\t\t\t\t\t\t\t\t\t\t\t\t\t<div class=\"banner-inner reset-last-child wd-fontsize-xs\">\n\t\t\t\t\t\t\t\t<\/p>\n<p>Zimmer komplett renoviert, ger\u00e4umig, elegant und funktional.<\/p>\n<p>\n\t\t\t\t\t\t\t<\/div>\n\t\t\t\t\t\t\n\t\t\t\t\t\t\n\t\t\t\t\t\t\t\t\t\t\t<\/div>\n\t\t\t\t<\/div>\n\n\t\t\t\t\t\t\t\t\t<a class=\"wd-promo-banner-link wd-fill\" aria-label=\"Banner link\" href=\"https:\/\/www.albergominerva.it\/de\/die-zimmer\/junior-suite-zimmer-aussicht-siena-zentrum\/\" title=\"Junior Suite\"><\/a>\n\t\t\t\t\n\t\t\t\t\t\t\t<\/div>\n\t\t<\/div>\n\n\t\t[\/vc_column][vc_column width=&#8220;1\/2&#8243;]\t\t<div class=\"promo-banner-wrapper  wd-rs-69149a3e7aad7 \">\n\t\t\t<div id=\"wd-69149a3e7aad7\" class=\"promo-banner  banner- banner-hover-zoom color-scheme-light banner-btn-size-default banner-btn-style-default  wd-with-link wd-underline-colored\">\n\t\t\t\t<div class=\"main-wrapp-img\">\n\t\t\t\t\t<div class=\"banner-image wd-bg-position-center\" >\n\t\t\t\t\t\t<img loading=\"lazy\" decoding=\"async\" width=\"1268\" height=\"661\" src=\"https:\/\/www.albergominerva.it\/wp-content\/uploads\/2025\/10\/siena-hotem-room-superior.webp\" class=\"attachment-full size-full\" alt=\"\" \/>\t\t\t\t\t<\/div>\n\t\t\t\t<\/div>\n\n\t\t\t\t<div class=\"wrapper-content-banner wd-fill  wd-items-bottom wd-justify-left\">\n\t\t\t\t\t<div class=\"content-banner  text-left\">\n\t\t\t\t\t\t<h4 class=\"banner-title wd-font-weight- wd-fontsize-l\">Superior<\/h4>\t\t\t\t\t\t\t\t\t\t\t\t\t<div class=\"banner-inner reset-last-child wd-fontsize-xs\">\n\t\t\t\t\t\t\t\t<\/p>\n<p>Zimmer mit Blick auf das historische Zentrum von Siena.<\/p>\n<p>\n\t\t\t\t\t\t\t<\/div>\n\t\t\t\t\t\t\n\t\t\t\t\t\t\n\t\t\t\t\t\t\t\t\t\t\t<\/div>\n\t\t\t\t<\/div>\n\n\t\t\t\t\t\t\t\t\t<a class=\"wd-promo-banner-link wd-fill\" aria-label=\"Banner link\" href=\"https:\/\/www.albergominerva.it\/de\/die-zimmer\/junior-suite-doppelzimmer-siena-zentrum-2\/\" title=\"Camera Superior\"><\/a>\n\t\t\t\t\n\t\t\t\t\t\t\t<\/div>\n\t\t<\/div>\n\n\t\t[\/vc_column][\/vc_row][vc_row el_class=&#8220;siena-rooms-grid space-room-siena&#8220; woodmart_css_id=&#8220;68dd55699fe5a&#8220; responsive_spacing=&#8220;eyJwYXJhbV90eXBlIjoid29vZG1hcnRfcmVzcG9uc2l2ZV9zcGFjaW5nIiwic2VsZWN0b3JfaWQiOiI2OGRkNTU2OTlmZTVhIiwic2hvcnRjb2RlIjoidmNfcm93IiwiZGF0YSI6eyJ0YWJsZXQiOnt9LCJtb2JpbGUiOnt9fX0=&#8220; mobile_bg_img_hidden=&#8220;no&#8220; tablet_bg_img_hidden=&#8220;no&#8220; woodmart_parallax=&#8220;0&#8243; woodmart_gradient_switch=&#8220;no&#8220; woodmart_box_shadow=&#8220;no&#8220; wd_z_index=&#8220;no&#8220; woodmart_disable_overflow=&#8220;0&#8243; row_reverse_mobile=&#8220;0&#8243; row_reverse_tablet=&#8220;0&#8243;][vc_column width=&#8220;1\/2&#8243;]\t\t<div class=\"promo-banner-wrapper  wd-rs-69149a6f4f1f4 \">\n\t\t\t<div id=\"wd-69149a6f4f1f4\" class=\"promo-banner  banner- banner-hover-zoom color-scheme-light banner-btn-size-default banner-btn-style-default  wd-with-link wd-underline-colored\">\n\t\t\t\t<div class=\"main-wrapp-img\">\n\t\t\t\t\t<div class=\"banner-image wd-bg-position-center\" >\n\t\t\t\t\t\t<img loading=\"lazy\" decoding=\"async\" width=\"1268\" height=\"661\" src=\"https:\/\/www.albergominerva.it\/wp-content\/uploads\/2025\/10\/siena-hotem-room-elegant-standard.webp\" class=\"attachment-full size-full\" alt=\"\" \/>\t\t\t\t\t<\/div>\n\t\t\t\t<\/div>\n\n\t\t\t\t<div class=\"wrapper-content-banner wd-fill  wd-items-bottom wd-justify-left\">\n\t\t\t\t\t<div class=\"content-banner  text-left\">\n\t\t\t\t\t\t<h4 class=\"banner-title wd-font-weight- wd-fontsize-l\">Elegant Standard<\/h4>\t\t\t\t\t\t\t\t\t\t\t\t\t<div class=\"banner-inner reset-last-child wd-fontsize-xs\">\n\t\t\t\t\t\t\t\t<\/p>\n<p>Einladende Zimmer mit atemberaubendem Blick auf das historische Zentrum von Siena.<\/p>\n<p>\n\t\t\t\t\t\t\t<\/div>\n\t\t\t\t\t\t\n\t\t\t\t\t\t\n\t\t\t\t\t\t\t\t\t\t\t<\/div>\n\t\t\t\t<\/div>\n\n\t\t\t\t\t\t\t\t\t<a class=\"wd-promo-banner-link wd-fill\" aria-label=\"Banner link\" href=\"https:\/\/www.albergominerva.it\/de\/die-zimmer\/zimmer-elegant-siena-zentrum\/\" title=\"Elegant standard\"><\/a>\n\t\t\t\t\n\t\t\t\t\t\t\t<\/div>\n\t\t<\/div>\n\n\t\t[\/vc_column][vc_column width=&#8220;1\/2&#8243;]\t\t<div class=\"promo-banner-wrapper  wd-rs-69149a7ff2bbf \">\n\t\t\t<div id=\"wd-69149a7ff2bbf\" class=\"promo-banner  banner- banner-hover-zoom color-scheme-light banner-btn-size-default banner-btn-style-default  wd-with-link wd-underline-colored\">\n\t\t\t\t<div class=\"main-wrapp-img\">\n\t\t\t\t\t<div class=\"banner-image wd-bg-position-center\" >\n\t\t\t\t\t\t<img loading=\"lazy\" decoding=\"async\" width=\"1268\" height=\"661\" src=\"https:\/\/www.albergominerva.it\/wp-content\/uploads\/2025\/10\/siena-hotem-room-easy-economy.webp\" class=\"attachment-full size-full\" alt=\"\" \/>\t\t\t\t\t<\/div>\n\t\t\t\t<\/div>\n\n\t\t\t\t<div class=\"wrapper-content-banner wd-fill  wd-items-bottom wd-justify-left\">\n\t\t\t\t\t<div class=\"content-banner  text-left\">\n\t\t\t\t\t\t<h4 class=\"banner-title wd-font-weight- wd-fontsize-l\">Easy Economy<\/h4>\t\t\t\t\t\t\t\t\t\t\t\t\t<div class=\"banner-inner reset-last-child wd-fontsize-xs\">\n\t\t\t\t\t\t\t\t<\/p>\n<p>Ideal f\u00fcr Gesch\u00e4ftskunden<\/p>\n<p>\n\t\t\t\t\t\t\t<\/div>\n\t\t\t\t\t\t\n\t\t\t\t\t\t\n\t\t\t\t\t\t\t\t\t\t\t<\/div>\n\t\t\t\t<\/div>\n\n\t\t\t\t\t\t\t\t\t<a class=\"wd-promo-banner-link wd-fill\" aria-label=\"Banner link\" href=\"https:\/\/www.albergominerva.it\/de\/die-zimmer\/billige-zimmer-siena-zentrum\/\" title=\"Easy Economy\"><\/a>\n\t\t\t\t\n\t\t\t\t\t\t\t<\/div>\n\t\t<\/div>\n\n\t\t[\/vc_column][\/vc_row][vc_row full_width=&#8220;stretch_row_content&#8220; woodmart_stretch_content=&#8220;section-stretch-content&#8220; el_class=&#8220;offerte-siena-hotel&#8220; woodmart_css_id=&#8220;68e7487a86c03&#8243; responsive_spacing=&#8220;eyJwYXJhbV90eXBlIjoid29vZG1hcnRfcmVzcG9uc2l2ZV9zcGFjaW5nIiwic2VsZWN0b3JfaWQiOiI2OGU3NDg3YTg2YzAzIiwic2hvcnRjb2RlIjoidmNfcm93IiwiZGF0YSI6eyJ0YWJsZXQiOnt9LCJtb2JpbGUiOnt9fX0=&#8220; mobile_bg_img_hidden=&#8220;no&#8220; tablet_bg_img_hidden=&#8220;no&#8220; woodmart_parallax=&#8220;0&#8243; woodmart_gradient_switch=&#8220;no&#8220; woodmart_box_shadow=&#8220;no&#8220; wd_z_index=&#8220;no&#8220; woodmart_disable_overflow=&#8220;0&#8243; row_reverse_mobile=&#8220;0&#8243; row_reverse_tablet=&#8220;0&#8243; css=&#8220;.vc_custom_1759987855408{margin-bottom: 0px !important;}&#8220;][vc_column][vc_single_image image=&#8220;20611&#8243; img_size=&#8220;full&#8220; alignment=&#8220;center&#8220; css=&#8220;&#8220; el_class=&#8220;hotel-minerva-logo-icon&#8220; parallax_scroll=&#8220;no&#8220; woodmart_inline=&#8220;no&#8220;][vc_column_text css=&#8220;&#8220; woodmart_inline=&#8220;no&#8220; text_larger=&#8220;no&#8220;]<\/p>\n<h3 style=\"text-align: center;\">Entdecken Sie unsere neuesten Angebote<\/h3>\n<p>[\/vc_column_text][vc_column_text css=&#8220;&#8220; woodmart_inline=&#8220;no&#8220; text_larger=&#8220;no&#8220;][\/vc_column_text][\/vc_column][\/vc_row][vc_row el_class=&#8220;siena-icon-box&#8220; woodmart_css_id=&#8220;68d6241fce59a&#8220; responsive_spacing=&#8220;eyJwYXJhbV90eXBlIjoid29vZG1hcnRfcmVzcG9uc2l2ZV9zcGFjaW5nIiwic2VsZWN0b3JfaWQiOiI2OGQ2MjQxZmNlNTlhIiwic2hvcnRjb2RlIjoidmNfcm93IiwiZGF0YSI6eyJ0YWJsZXQiOnt9LCJtb2JpbGUiOnt9fX0=&#8220; mobile_bg_img_hidden=&#8220;no&#8220; tablet_bg_img_hidden=&#8220;no&#8220; woodmart_parallax=&#8220;0&#8243; woodmart_gradient_switch=&#8220;no&#8220; woodmart_box_shadow=&#8220;no&#8220; wd_z_index=&#8220;no&#8220; woodmart_disable_overflow=&#8220;0&#8243; row_reverse_mobile=&#8220;0&#8243; row_reverse_tablet=&#8220;0&#8243;][vc_column width=&#8220;1\/4&#8243;]\t\t\t<div class=\"info-box-wrapper\">\n\t\t\t\t<div id=\"wd-691497da9b274\" class=\" wd-rs-691497da9b274 wd-info-box wd-wpb text-center box-icon-align-top box-style- color-scheme- wd-bg-none wd-off-anim wpb_animate_when_almost_visible wpb_fadeIn fadeIn wd-anim-name_fadeIn \">\n\t\t\t\t\t\t\t\t\t\t\t<div class=\"box-icon-wrapper  box-with-icon box-icon-simple\">\n\t\t\t\t\t\t\t<div class=\"info-box-icon\">\n\n\t\t\t\t\t\t\t\n\t\t\t\t\t\t\t\t\t\t\t\t\t\t\t\t\t<img loading=\"lazy\" decoding=\"async\" width=\"400\" height=\"400\" src=\"https:\/\/www.albergominerva.it\/wp-content\/uploads\/2025\/09\/icon-garage.webp\" class=\"attachment-full size-full\" alt=\"\" srcset=\"https:\/\/www.albergominerva.it\/wp-content\/uploads\/2025\/09\/icon-garage.webp 400w, https:\/\/www.albergominerva.it\/wp-content\/uploads\/2025\/09\/icon-garage-300x300.webp 300w, https:\/\/www.albergominerva.it\/wp-content\/uploads\/2025\/09\/icon-garage-150x150.webp 150w\" sizes=\"auto, (max-width: 400px) 100vw, 400px\" \/>\t\t\t\t\t\t\t\t\t\t\t\t\t\t\t\n\t\t\t\t\t\t\t<\/div>\n\t\t\t\t\t\t<\/div>\n\t\t\t\t\t\t\t\t\t\t<div class=\"info-box-content\">\n\t\t\t\t\t\t<div class=\"info-box-title title box-title-style-default wd-fontsize-m\">Parkgarage<\/div>\t\t\t\t\t\t<div class=\"info-box-inner reset-last-child\"><\/p>\n<p>Reception 24\/24<\/p>\n<p>\n<\/div>\n\n\t\t\t\t\t\t\t\t\t\t\t<\/div>\n\n\t\t\t\t\t\n\t\t\t\t\t\t\t\t\t<\/div>\n\t\t\t<\/div>\n\t\t[\/vc_column][vc_column width=&#8220;1\/4&#8243;]\t\t\t<div class=\"info-box-wrapper\">\n\t\t\t\t<div id=\"wd-691497f2e7112\" class=\" wd-rs-691497f2e7112 wd-info-box wd-wpb text-center box-icon-align-top box-style- color-scheme- wd-bg-none wd-off-anim wpb_animate_when_almost_visible wpb_fadeIn fadeIn wd-anim-name_fadeIn \">\n\t\t\t\t\t\t\t\t\t\t\t<div class=\"box-icon-wrapper  box-with-icon box-icon-simple\">\n\t\t\t\t\t\t\t<div class=\"info-box-icon\">\n\n\t\t\t\t\t\t\t\n\t\t\t\t\t\t\t\t\t\t\t\t\t\t\t\t\t<img loading=\"lazy\" decoding=\"async\" width=\"400\" height=\"400\" src=\"https:\/\/www.albergominerva.it\/wp-content\/uploads\/2025\/09\/icon-breakfast-included.webp\" class=\"attachment-full size-full\" alt=\"\" srcset=\"https:\/\/www.albergominerva.it\/wp-content\/uploads\/2025\/09\/icon-breakfast-included.webp 400w, https:\/\/www.albergominerva.it\/wp-content\/uploads\/2025\/09\/icon-breakfast-included-300x300.webp 300w, https:\/\/www.albergominerva.it\/wp-content\/uploads\/2025\/09\/icon-breakfast-included-150x150.webp 150w\" sizes=\"auto, (max-width: 400px) 100vw, 400px\" \/>\t\t\t\t\t\t\t\t\t\t\t\t\t\t\t\n\t\t\t\t\t\t\t<\/div>\n\t\t\t\t\t\t<\/div>\n\t\t\t\t\t\t\t\t\t\t<div class=\"info-box-content\">\n\t\t\t\t\t\t<div class=\"info-box-title title box-title-style-default wd-fontsize-m\">Fr\u00fchst\u00fcck inkludiert<\/div>\t\t\t\t\t\t<div class=\"info-box-inner reset-last-child\"><\/p>\n<p>italienisches und internationales Buffet<\/p>\n<p>\n<\/div>\n\n\t\t\t\t\t\t\t\t\t\t\t<\/div>\n\n\t\t\t\t\t\n\t\t\t\t\t\t\t\t\t<\/div>\n\t\t\t<\/div>\n\t\t[\/vc_column][vc_column width=&#8220;1\/4&#8243;]\t\t\t<div class=\"info-box-wrapper\">\n\t\t\t\t<div id=\"wd-6914981806e7d\" class=\" wd-rs-6914981806e7d wd-info-box wd-wpb text-center box-icon-align-top box-style- color-scheme- wd-bg-none wd-off-anim wpb_animate_when_almost_visible wpb_fadeIn fadeIn wd-anim-name_fadeIn \">\n\t\t\t\t\t\t\t\t\t\t\t<div class=\"box-icon-wrapper  box-with-icon box-icon-simple\">\n\t\t\t\t\t\t\t<div class=\"info-box-icon\">\n\n\t\t\t\t\t\t\t\n\t\t\t\t\t\t\t\t\t\t\t\t\t\t\t\t\t<img loading=\"lazy\" decoding=\"async\" width=\"400\" height=\"400\" src=\"https:\/\/www.albergominerva.it\/wp-content\/uploads\/2025\/09\/icon-garden-with-panoramic-view.webp\" class=\"attachment-full size-full\" alt=\"\" srcset=\"https:\/\/www.albergominerva.it\/wp-content\/uploads\/2025\/09\/icon-garden-with-panoramic-view.webp 400w, https:\/\/www.albergominerva.it\/wp-content\/uploads\/2025\/09\/icon-garden-with-panoramic-view-300x300.webp 300w, https:\/\/www.albergominerva.it\/wp-content\/uploads\/2025\/09\/icon-garden-with-panoramic-view-150x150.webp 150w\" sizes=\"auto, (max-width: 400px) 100vw, 400px\" \/>\t\t\t\t\t\t\t\t\t\t\t\t\t\t\t\n\t\t\t\t\t\t\t<\/div>\n\t\t\t\t\t\t<\/div>\n\t\t\t\t\t\t\t\t\t\t<div class=\"info-box-content\">\n\t\t\t\t\t\t<div class=\"info-box-title title box-title-style-default wd-fontsize-m\">Der Panoramagarten<\/div>\t\t\t\t\t\t<div class=\"info-box-inner reset-last-child\"><\/p>\n<p>Blick auf die Altstadt<\/p>\n<p>\n<\/div>\n\n\t\t\t\t\t\t\t\t\t\t\t<\/div>\n\n\t\t\t\t\t\n\t\t\t\t\t\t\t\t\t<\/div>\n\t\t\t<\/div>\n\t\t[\/vc_column][vc_column width=&#8220;1\/4&#8243;]\t\t\t<div class=\"info-box-wrapper\">\n\t\t\t\t<div id=\"wd-691498368421f\" class=\" wd-rs-691498368421f wd-info-box wd-wpb text-center box-icon-align-top box-style- color-scheme- wd-bg-none wd-off-anim wpb_animate_when_almost_visible wpb_fadeIn fadeIn wd-anim-name_fadeIn \">\n\t\t\t\t\t\t\t\t\t\t\t<div class=\"box-icon-wrapper  box-with-icon box-icon-simple\">\n\t\t\t\t\t\t\t<div class=\"info-box-icon\">\n\n\t\t\t\t\t\t\t\n\t\t\t\t\t\t\t\t\t\t\t\t\t\t\t\t\t<img loading=\"lazy\" decoding=\"async\" width=\"400\" height=\"400\" src=\"https:\/\/www.albergominerva.it\/wp-content\/uploads\/2025\/09\/icon-bar.webp\" class=\"attachment-full size-full\" alt=\"\" srcset=\"https:\/\/www.albergominerva.it\/wp-content\/uploads\/2025\/09\/icon-bar.webp 400w, https:\/\/www.albergominerva.it\/wp-content\/uploads\/2025\/09\/icon-bar-300x300.webp 300w, https:\/\/www.albergominerva.it\/wp-content\/uploads\/2025\/09\/icon-bar-150x150.webp 150w\" sizes=\"auto, (max-width: 400px) 100vw, 400px\" \/>\t\t\t\t\t\t\t\t\t\t\t\t\t\t\t\n\t\t\t\t\t\t\t<\/div>\n\t\t\t\t\t\t<\/div>\n\t\t\t\t\t\t\t\t\t\t<div class=\"info-box-content\">\n\t\t\t\t\t\t<div class=\"info-box-title title box-title-style-default wd-fontsize-m\">Die Kaffeebar<\/div>\t\t\t\t\t\t<div class=\"info-box-inner reset-last-child\"><\/p>\n<p>Die G\u00e4ste entspannen<\/p>\n<p>\n<\/div>\n\n\t\t\t\t\t\t\t\t\t\t\t<\/div>\n\n\t\t\t\t\t\n\t\t\t\t\t\t\t\t\t<\/div>\n\t\t\t<\/div>\n\t\t[\/vc_column][\/vc_row][vc_row el_class=&#8220;siena-icon-box&#8220; woodmart_css_id=&#8220;68d6241fce59a&#8220; responsive_spacing=&#8220;eyJwYXJhbV90eXBlIjoid29vZG1hcnRfcmVzcG9uc2l2ZV9zcGFjaW5nIiwic2VsZWN0b3JfaWQiOiI2OGQ2MjQxZmNlNTlhIiwic2hvcnRjb2RlIjoidmNfcm93IiwiZGF0YSI6eyJ0YWJsZXQiOnt9LCJtb2JpbGUiOnt9fX0=&#8220; mobile_bg_img_hidden=&#8220;no&#8220; tablet_bg_img_hidden=&#8220;no&#8220; woodmart_parallax=&#8220;0&#8243; woodmart_gradient_switch=&#8220;no&#8220; woodmart_box_shadow=&#8220;no&#8220; wd_z_index=&#8220;no&#8220; woodmart_disable_overflow=&#8220;0&#8243; row_reverse_mobile=&#8220;0&#8243; row_reverse_tablet=&#8220;0&#8243;][vc_column width=&#8220;1\/4&#8243;]\t\t\t<div class=\"info-box-wrapper\">\n\t\t\t\t<div id=\"wd-69144f7f7f45c\" class=\" wd-rs-69144f7f7f45c wd-info-box wd-wpb text-center box-icon-align-top box-style- color-scheme- wd-bg-none wd-off-anim wpb_animate_when_almost_visible wpb_fadeIn fadeIn wd-anim-name_fadeIn \">\n\t\t\t\t\t\t\t\t\t\t\t<div class=\"box-icon-wrapper  box-with-icon box-icon-simple\">\n\t\t\t\t\t\t\t<div class=\"info-box-icon\">\n\n\t\t\t\t\t\t\t\n\t\t\t\t\t\t\t\t\t\t\t\t\t\t\t\t\t<img loading=\"lazy\" decoding=\"async\" width=\"400\" height=\"400\" src=\"https:\/\/www.albergominerva.it\/wp-content\/uploads\/2025\/09\/icon-reception-h24.webp\" class=\"attachment-full size-full\" alt=\"\" srcset=\"https:\/\/www.albergominerva.it\/wp-content\/uploads\/2025\/09\/icon-reception-h24.webp 400w, https:\/\/www.albergominerva.it\/wp-content\/uploads\/2025\/09\/icon-reception-h24-300x300.webp 300w, https:\/\/www.albergominerva.it\/wp-content\/uploads\/2025\/09\/icon-reception-h24-150x150.webp 150w\" sizes=\"auto, (max-width: 400px) 100vw, 400px\" \/>\t\t\t\t\t\t\t\t\t\t\t\t\t\t\t\n\t\t\t\t\t\t\t<\/div>\n\t\t\t\t\t\t<\/div>\n\t\t\t\t\t\t\t\t\t\t<div class=\"info-box-content\">\n\t\t\t\t\t\t<div class=\"info-box-title title box-title-style-default wd-fontsize-m\">RECEPTION H24<\/div>\t\t\t\t\t\t<div class=\"info-box-inner reset-last-child\"><\/p>\n<p>7 days<\/p>\n<p>\n<\/div>\n\n\t\t\t\t\t\t\t\t\t\t\t<\/div>\n\n\t\t\t\t\t\n\t\t\t\t\t\t\t\t\t<\/div>\n\t\t\t<\/div>\n\t\t[\/vc_column][vc_column width=&#8220;1\/4&#8243;]\t\t\t<div class=\"info-box-wrapper\">\n\t\t\t\t<div id=\"wd-6914988ba4cd0\" class=\" wd-rs-6914988ba4cd0 wd-info-box wd-wpb text-center box-icon-align-top box-style- color-scheme- wd-bg-none wd-off-anim wpb_animate_when_almost_visible wpb_fadeIn fadeIn wd-anim-name_fadeIn \">\n\t\t\t\t\t\t\t\t\t\t\t<div class=\"box-icon-wrapper  box-with-icon box-icon-simple\">\n\t\t\t\t\t\t\t<div class=\"info-box-icon\">\n\n\t\t\t\t\t\t\t\n\t\t\t\t\t\t\t\t\t\t\t\t\t\t\t\t\t<img loading=\"lazy\" decoding=\"async\" width=\"400\" height=\"400\" src=\"https:\/\/www.albergominerva.it\/wp-content\/uploads\/2025\/09\/icon-meeting-room.webp\" class=\"attachment-full size-full\" alt=\"\" srcset=\"https:\/\/www.albergominerva.it\/wp-content\/uploads\/2025\/09\/icon-meeting-room.webp 400w, https:\/\/www.albergominerva.it\/wp-content\/uploads\/2025\/09\/icon-meeting-room-300x300.webp 300w, https:\/\/www.albergominerva.it\/wp-content\/uploads\/2025\/09\/icon-meeting-room-150x150.webp 150w\" sizes=\"auto, (max-width: 400px) 100vw, 400px\" \/>\t\t\t\t\t\t\t\t\t\t\t\t\t\t\t\n\t\t\t\t\t\t\t<\/div>\n\t\t\t\t\t\t<\/div>\n\t\t\t\t\t\t\t\t\t\t<div class=\"info-box-content\">\n\t\t\t\t\t\t<div class=\"info-box-title title box-title-style-default wd-fontsize-m\">Der Versammlungsraum<\/div>\t\t\t\t\t\t<div class=\"info-box-inner reset-last-child\"><\/p>\n<p>Der bis zu 40 Personen<\/p>\n<p>\n<\/div>\n\n\t\t\t\t\t\t\t\t\t\t\t<\/div>\n\n\t\t\t\t\t\n\t\t\t\t\t\t\t\t\t<\/div>\n\t\t\t<\/div>\n\t\t[\/vc_column][vc_column width=&#8220;1\/4&#8243;]\t\t\t<div class=\"info-box-wrapper\">\n\t\t\t\t<div id=\"wd-691498c81d417\" class=\" wd-rs-691498c81d417 wd-info-box wd-wpb text-center box-icon-align-top box-style- color-scheme- wd-bg-none wd-off-anim wpb_animate_when_almost_visible wpb_fadeIn fadeIn wd-anim-name_fadeIn \">\n\t\t\t\t\t\t\t\t\t\t\t<div class=\"box-icon-wrapper  box-with-icon box-icon-simple\">\n\t\t\t\t\t\t\t<div class=\"info-box-icon\">\n\n\t\t\t\t\t\t\t\n\t\t\t\t\t\t\t\t\t\t\t\t\t\t\t\t\t<img loading=\"lazy\" decoding=\"async\" width=\"400\" height=\"400\" src=\"https:\/\/www.albergominerva.it\/wp-content\/uploads\/2025\/09\/icon-relax-area.webp\" class=\"attachment-full size-full\" alt=\"\" srcset=\"https:\/\/www.albergominerva.it\/wp-content\/uploads\/2025\/09\/icon-relax-area.webp 400w, https:\/\/www.albergominerva.it\/wp-content\/uploads\/2025\/09\/icon-relax-area-300x300.webp 300w, https:\/\/www.albergominerva.it\/wp-content\/uploads\/2025\/09\/icon-relax-area-150x150.webp 150w\" sizes=\"auto, (max-width: 400px) 100vw, 400px\" \/>\t\t\t\t\t\t\t\t\t\t\t\t\t\t\t\n\t\t\t\t\t\t\t<\/div>\n\t\t\t\t\t\t<\/div>\n\t\t\t\t\t\t\t\t\t\t<div class=\"info-box-content\">\n\t\t\t\t\t\t<div class=\"info-box-title title box-title-style-default wd-fontsize-m\">Relax<\/div>\t\t\t\t\t\t<div class=\"info-box-inner reset-last-child\"><\/p>\n<p>F\u00fcr eine kurze Verschnaufpause<\/p>\n<p>\n<\/div>\n\n\t\t\t\t\t\t\t\t\t\t\t<\/div>\n\n\t\t\t\t\t\n\t\t\t\t\t\t\t\t\t<\/div>\n\t\t\t<\/div>\n\t\t[\/vc_column][vc_column width=&#8220;1\/4&#8243;]\t\t\t<div class=\"info-box-wrapper\">\n\t\t\t\t<div id=\"wd-6914991690058\" class=\" wd-rs-6914991690058 wd-info-box wd-wpb text-center box-icon-align-top box-style- color-scheme- wd-bg-none wd-off-anim wpb_animate_when_almost_visible wpb_fadeIn fadeIn wd-anim-name_fadeIn \">\n\t\t\t\t\t\t\t\t\t\t\t<div class=\"box-icon-wrapper  box-with-icon box-icon-simple\">\n\t\t\t\t\t\t\t<div class=\"info-box-icon\">\n\n\t\t\t\t\t\t\t\n\t\t\t\t\t\t\t\t\t\t\t\t\t\t\t\t\t<img loading=\"lazy\" decoding=\"async\" width=\"400\" height=\"400\" src=\"https:\/\/www.albergominerva.it\/wp-content\/uploads\/2025\/09\/icon-horse-riding.webp\" class=\"attachment-full size-full\" alt=\"\" srcset=\"https:\/\/www.albergominerva.it\/wp-content\/uploads\/2025\/09\/icon-horse-riding.webp 400w, https:\/\/www.albergominerva.it\/wp-content\/uploads\/2025\/09\/icon-horse-riding-300x300.webp 300w, https:\/\/www.albergominerva.it\/wp-content\/uploads\/2025\/09\/icon-horse-riding-150x150.webp 150w\" sizes=\"auto, (max-width: 400px) 100vw, 400px\" \/>\t\t\t\t\t\t\t\t\t\t\t\t\t\t\t\n\t\t\t\t\t\t\t<\/div>\n\t\t\t\t\t\t<\/div>\n\t\t\t\t\t\t\t\t\t\t<div class=\"info-box-content\">\n\t\t\t\t\t\t<div class=\"info-box-title title box-title-style-default wd-fontsize-m\">Reiten<\/div>\t\t\t\t\t\t<div class=\"info-box-inner reset-last-child\"><\/p>\n<p>In der Sieneser H\u00fcgellandschaft<\/p>\n<p>\n<\/div>\n\n\t\t\t\t\t\t\t\t\t\t\t<\/div>\n\n\t\t\t\t\t\n\t\t\t\t\t\t\t\t\t<\/div>\n\t\t\t<\/div>\n\t\t[\/vc_column][\/vc_row]<\/p>\n<\/div>","protected":false},"excerpt":{"rendered":"<p>[vc_row][vc_column][vc_column_text css_animation=&#8220;fadeIn&#8220; css=&#8220;&#8220; woodmart_inline=&#8220;no&#8220; text_larger=&#8220;no&#8220; el_class=&#8220;txt-slide-video&#8220;] Hotel im Zentrum von SIENA Ein unvergessliches Erlebnis in Siena Gro\u00dfer und bequemer \u00fcberdachter<\/p>\n","protected":false},"author":2,"featured_media":0,"parent":0,"menu_order":0,"comment_status":"closed","ping_status":"open","template":"","meta":{"_acf_changed":false,"footnotes":""},"class_list":["post-5911","page","type-page","status-publish","hentry"],"acf":[],"yoast_head":"<!-- This site is optimized with the Yoast SEO plugin v27.4 - https:\/\/yoast.com\/product\/yoast-seo-wordpress\/ -->\n<title>Minerva Hotel Siena Centro Storico - Miglior Prezzo Garantito<\/title>\n<meta name=\"description\" content=\"Prenota al Miglior Prezzo Garantito su questo Sito Ufficiale. Hotel 3 Stelle in Centro Storico a Siena con Garage Privato. 10 Minuti da Piazza del Campo.\" \/>\n<meta name=\"robots\" content=\"index, follow, max-snippet:-1, max-image-preview:large, max-video-preview:-1\" \/>\n<link rel=\"canonical\" href=\"https:\/\/www.albergominerva.it\/de\/\" \/>\n<meta property=\"og:locale\" content=\"de_DE\" \/>\n<meta property=\"og:type\" content=\"article\" \/>\n<meta property=\"og:title\" content=\"Minerva Hotel Siena Centro Storico - Miglior Prezzo Garantito\" \/>\n<meta property=\"og:description\" content=\"Prenota al Miglior Prezzo Garantito su questo Sito Ufficiale. Hotel 3 Stelle in Centro Storico a Siena con Garage Privato. 10 Minuti da Piazza del Campo.\" \/>\n<meta property=\"og:url\" content=\"https:\/\/www.albergominerva.it\/de\/\" \/>\n<meta property=\"og:site_name\" content=\"Hotel Minerva Siena\" \/>\n<meta property=\"article:modified_time\" content=\"2025-11-13T06:26:37+00:00\" \/>\n<meta name=\"twitter:card\" content=\"summary_large_image\" \/>\n<meta name=\"twitter:label1\" content=\"Gesch\u00e4tzte Lesezeit\" \/>\n\t<meta name=\"twitter:data1\" content=\"1\u00a0Minute\" \/>\n<script type=\"application\/ld+json\" class=\"yoast-schema-graph\">{\"@context\":\"https:\\\/\\\/schema.org\",\"@graph\":[{\"@type\":\"WebPage\",\"@id\":\"https:\\\/\\\/www.albergominerva.it\\\/de\\\/\",\"url\":\"https:\\\/\\\/www.albergominerva.it\\\/de\\\/\",\"name\":\"Minerva Hotel Siena Centro Storico - Miglior Prezzo Garantito\",\"isPartOf\":{\"@id\":\"https:\\\/\\\/www.albergominerva.it\\\/de\\\/#website\"},\"datePublished\":\"2019-06-17T15:25:33+00:00\",\"dateModified\":\"2025-11-13T06:26:37+00:00\",\"description\":\"Prenota al Miglior Prezzo Garantito su questo Sito Ufficiale. Hotel 3 Stelle in Centro Storico a Siena con Garage Privato. 10 Minuti da Piazza del Campo.\",\"breadcrumb\":{\"@id\":\"https:\\\/\\\/www.albergominerva.it\\\/de\\\/#breadcrumb\"},\"inLanguage\":\"de\",\"potentialAction\":[{\"@type\":\"ReadAction\",\"target\":[\"https:\\\/\\\/www.albergominerva.it\\\/de\\\/\"]}]},{\"@type\":\"BreadcrumbList\",\"@id\":\"https:\\\/\\\/www.albergominerva.it\\\/de\\\/#breadcrumb\",\"itemListElement\":[{\"@type\":\"ListItem\",\"position\":1,\"name\":\"Home\",\"item\":\"https:\\\/\\\/www.albergominerva.it\\\/de\\\/\"},{\"@type\":\"ListItem\",\"position\":2,\"name\":\"Home page\"}]},{\"@type\":\"WebSite\",\"@id\":\"https:\\\/\\\/www.albergominerva.it\\\/de\\\/#website\",\"url\":\"https:\\\/\\\/www.albergominerva.it\\\/de\\\/\",\"name\":\"Hotel Minerva Siena\",\"description\":\"Hotel in Centro Storico a Siena - Toscana - Italy\",\"potentialAction\":[{\"@type\":\"SearchAction\",\"target\":{\"@type\":\"EntryPoint\",\"urlTemplate\":\"https:\\\/\\\/www.albergominerva.it\\\/de\\\/?s={search_term_string}\"},\"query-input\":{\"@type\":\"PropertyValueSpecification\",\"valueRequired\":true,\"valueName\":\"search_term_string\"}}],\"inLanguage\":\"de\"}]}<\/script>\n<!-- \/ Yoast SEO plugin. -->","yoast_head_json":{"title":"Minerva Hotel Siena Centro Storico - Miglior Prezzo Garantito","description":"Prenota al Miglior Prezzo Garantito su questo Sito Ufficiale. Hotel 3 Stelle in Centro Storico a Siena con Garage Privato. 10 Minuti da Piazza del Campo.","robots":{"index":"index","follow":"follow","max-snippet":"max-snippet:-1","max-image-preview":"max-image-preview:large","max-video-preview":"max-video-preview:-1"},"canonical":"https:\/\/www.albergominerva.it\/de\/","og_locale":"de_DE","og_type":"article","og_title":"Minerva Hotel Siena Centro Storico - Miglior Prezzo Garantito","og_description":"Prenota al Miglior Prezzo Garantito su questo Sito Ufficiale. Hotel 3 Stelle in Centro Storico a Siena con Garage Privato. 10 Minuti da Piazza del Campo.","og_url":"https:\/\/www.albergominerva.it\/de\/","og_site_name":"Hotel Minerva Siena","article_modified_time":"2025-11-13T06:26:37+00:00","twitter_card":"summary_large_image","twitter_misc":{"Gesch\u00e4tzte Lesezeit":"1\u00a0Minute"},"schema":{"@context":"https:\/\/schema.org","@graph":[{"@type":"WebPage","@id":"https:\/\/www.albergominerva.it\/de\/","url":"https:\/\/www.albergominerva.it\/de\/","name":"Minerva Hotel Siena Centro Storico - Miglior Prezzo Garantito","isPartOf":{"@id":"https:\/\/www.albergominerva.it\/de\/#website"},"datePublished":"2019-06-17T15:25:33+00:00","dateModified":"2025-11-13T06:26:37+00:00","description":"Prenota al Miglior Prezzo Garantito su questo Sito Ufficiale. Hotel 3 Stelle in Centro Storico a Siena con Garage Privato. 10 Minuti da Piazza del Campo.","breadcrumb":{"@id":"https:\/\/www.albergominerva.it\/de\/#breadcrumb"},"inLanguage":"de","potentialAction":[{"@type":"ReadAction","target":["https:\/\/www.albergominerva.it\/de\/"]}]},{"@type":"BreadcrumbList","@id":"https:\/\/www.albergominerva.it\/de\/#breadcrumb","itemListElement":[{"@type":"ListItem","position":1,"name":"Home","item":"https:\/\/www.albergominerva.it\/de\/"},{"@type":"ListItem","position":2,"name":"Home page"}]},{"@type":"WebSite","@id":"https:\/\/www.albergominerva.it\/de\/#website","url":"https:\/\/www.albergominerva.it\/de\/","name":"Hotel Minerva Siena","description":"Hotel in Centro Storico a Siena - Toscana - Italy","potentialAction":[{"@type":"SearchAction","target":{"@type":"EntryPoint","urlTemplate":"https:\/\/www.albergominerva.it\/de\/?s={search_term_string}"},"query-input":{"@type":"PropertyValueSpecification","valueRequired":true,"valueName":"search_term_string"}}],"inLanguage":"de"}]}},"_links":{"self":[{"href":"https:\/\/www.albergominerva.it\/de\/wp-json\/wp\/v2\/pages\/5911","targetHints":{"allow":["GET"]}}],"collection":[{"href":"https:\/\/www.albergominerva.it\/de\/wp-json\/wp\/v2\/pages"}],"about":[{"href":"https:\/\/www.albergominerva.it\/de\/wp-json\/wp\/v2\/types\/page"}],"author":[{"embeddable":true,"href":"https:\/\/www.albergominerva.it\/de\/wp-json\/wp\/v2\/users\/2"}],"replies":[{"embeddable":true,"href":"https:\/\/www.albergominerva.it\/de\/wp-json\/wp\/v2\/comments?post=5911"}],"version-history":[{"count":62,"href":"https:\/\/www.albergominerva.it\/de\/wp-json\/wp\/v2\/pages\/5911\/revisions"}],"predecessor-version":[{"id":21196,"href":"https:\/\/www.albergominerva.it\/de\/wp-json\/wp\/v2\/pages\/5911\/revisions\/21196"}],"wp:attachment":[{"href":"https:\/\/www.albergominerva.it\/de\/wp-json\/wp\/v2\/media?parent=5911"}],"curies":[{"name":"wp","href":"https:\/\/api.w.org\/{rel}","templated":true}]}}