{"id":22715,"date":"2026-04-23T11:16:49","date_gmt":"2026-04-23T09:16:49","guid":{"rendered":"https:\/\/www.albergominerva.it\/offerte\/speciale-luglio-e-agosto-a-siena-lestate-sta-arrivando\/"},"modified":"2026-04-24T14:20:35","modified_gmt":"2026-04-24T12:20:35","slug":"offre-speciale-juillet-et-aout-a-sienne-lete-arrive","status":"publish","type":"offerte","link":"https:\/\/www.albergominerva.it\/fr\/offres\/offre-speciale-juillet-et-aout-a-sienne-lete-arrive\/","title":{"rendered":"OFFRE SP\u00c9CIALE JUILLET ET AO\u00dbT \u00c0 SIENNE. L&rsquo;\u00c9T\u00c9 ARRIVE !"},"content":{"rendered":"\n<p>R\u00e9servez votre s\u00e9jour dans notre h\u00f4tel en juillet ou en ao\u00fbt directement sur notre site web : b\u00e9n\u00e9ficiez d&rsquo;une r\u00e9duction suppl\u00e9mentaire de 5 % \u00e0 la r\u00e9servation, en plus des 10 % de r\u00e9duction d\u00e9j\u00e0 offerts \u00e0 nos clients.<\/p>\n\n\n\n<p><strong>Nous avons h\u00e2te de vous accueillir et de vous faire d\u00e9couvrir les merveilles de Sienn<strong>e<\/strong>.<\/strong> <strong>R\u00e9servez d\u00e8s maintenant !<\/strong><\/p>\n\n\n\n<figure class=\"wp-block-gallery has-nested-images columns-2 is-cropped wp-block-gallery-1 is-layout-flex wp-block-gallery-is-layout-flex\">\n<figure class=\"wp-block-image size-large\"><img loading=\"lazy\" decoding=\"async\" width=\"768\" height=\"1024\" data-id=\"22576\" src=\"https:\/\/www.albergominerva.it\/wp-content\/uploads\/2026\/04\/siena-hotel-juny-august-1-768x1024.webp\" alt=\"\" class=\"wp-image-22576\" srcset=\"https:\/\/www.albergominerva.it\/wp-content\/uploads\/2026\/04\/siena-hotel-juny-august-1-768x1024.webp 768w, https:\/\/www.albergominerva.it\/wp-content\/uploads\/2026\/04\/siena-hotel-juny-august-1-225x300.webp 225w, https:\/\/www.albergominerva.it\/wp-content\/uploads\/2026\/04\/siena-hotel-juny-august-1.webp 1000w\" sizes=\"auto, (max-width: 768px) 100vw, 768px\" \/><\/figure>\n\n\n\n<figure class=\"wp-block-image size-full\"><img loading=\"lazy\" decoding=\"async\" width=\"1920\" height=\"2560\" data-id=\"22598\" src=\"https:\/\/www.albergominerva.it\/wp-content\/uploads\/2026\/04\/siena-hotel-juny-august-2-scaled.jpg\" alt=\"\" class=\"wp-image-22598\" srcset=\"https:\/\/www.albergominerva.it\/wp-content\/uploads\/2026\/04\/siena-hotel-juny-august-2-scaled.jpg 1920w, https:\/\/www.albergominerva.it\/wp-content\/uploads\/2026\/04\/siena-hotel-juny-august-2-225x300.jpg 225w, https:\/\/www.albergominerva.it\/wp-content\/uploads\/2026\/04\/siena-hotel-juny-august-2-768x1024.jpg 768w, https:\/\/www.albergominerva.it\/wp-content\/uploads\/2026\/04\/siena-hotel-juny-august-2-1152x1536.jpg 1152w, https:\/\/www.albergominerva.it\/wp-content\/uploads\/2026\/04\/siena-hotel-juny-august-2-1536x2048.jpg 1536w\" sizes=\"auto, (max-width: 1920px) 100vw, 1920px\" \/><\/figure>\n\n\n\n<figure class=\"wp-block-image size-full\"><img loading=\"lazy\" decoding=\"async\" width=\"1000\" height=\"1575\" data-id=\"22609\" src=\"https:\/\/www.albergominerva.it\/wp-content\/uploads\/2026\/04\/siena-hotel-juny-august-3.webp\" alt=\"\" class=\"wp-image-22609\" srcset=\"https:\/\/www.albergominerva.it\/wp-content\/uploads\/2026\/04\/siena-hotel-juny-august-3.webp 1000w, https:\/\/www.albergominerva.it\/wp-content\/uploads\/2026\/04\/siena-hotel-juny-august-3-190x300.webp 190w, https:\/\/www.albergominerva.it\/wp-content\/uploads\/2026\/04\/siena-hotel-juny-august-3-650x1024.webp 650w, https:\/\/www.albergominerva.it\/wp-content\/uploads\/2026\/04\/siena-hotel-juny-august-3-768x1210.webp 768w, https:\/\/www.albergominerva.it\/wp-content\/uploads\/2026\/04\/siena-hotel-juny-august-3-975x1536.webp 975w\" sizes=\"auto, (max-width: 1000px) 100vw, 1000px\" \/><\/figure>\n\n\n\n<figure class=\"wp-block-image size-full\"><img loading=\"lazy\" decoding=\"async\" width=\"1000\" height=\"1341\" data-id=\"22587\" src=\"https:\/\/www.albergominerva.it\/wp-content\/uploads\/2026\/04\/siena-hotel-juny-august-4.webp\" alt=\"\" class=\"wp-image-22587\" srcset=\"https:\/\/www.albergominerva.it\/wp-content\/uploads\/2026\/04\/siena-hotel-juny-august-4.webp 1000w, https:\/\/www.albergominerva.it\/wp-content\/uploads\/2026\/04\/siena-hotel-juny-august-4-224x300.webp 224w, https:\/\/www.albergominerva.it\/wp-content\/uploads\/2026\/04\/siena-hotel-juny-august-4-764x1024.webp 764w, https:\/\/www.albergominerva.it\/wp-content\/uploads\/2026\/04\/siena-hotel-juny-august-4-768x1030.webp 768w\" sizes=\"auto, (max-width: 1000px) 100vw, 1000px\" \/><\/figure>\n<\/figure>\n","protected":false},"featured_media":22622,"template":"","class_list":["post-22715","offerte","type-offerte","status-publish","has-post-thumbnail","hentry"],"acf":[],"yoast_head":"<!-- This site is optimized with the Yoast SEO plugin v27.4 - https:\/\/yoast.com\/product\/yoast-seo-wordpress\/ -->\n<title>OFFRE SP\u00c9CIALE JUILLET ET AO\u00dbT \u00c0 SIENNE. L&#039;\u00c9T\u00c9 ARRIVE ! - Hotel Minerva Siena<\/title>\n<meta name=\"robots\" content=\"index, follow, max-snippet:-1, max-image-preview:large, max-video-preview:-1\" \/>\n<link rel=\"canonical\" href=\"https:\/\/www.albergominerva.it\/fr\/offres\/offre-speciale-juillet-et-aout-a-sienne-lete-arrive\/\" \/>\n<meta property=\"og:locale\" content=\"fr_FR\" \/>\n<meta property=\"og:type\" content=\"article\" \/>\n<meta property=\"og:title\" content=\"OFFRE SP\u00c9CIALE JUILLET ET AO\u00dbT \u00c0 SIENNE. L&#039;\u00c9T\u00c9 ARRIVE ! - Hotel Minerva Siena\" \/>\n<meta property=\"og:description\" content=\"R\u00e9servez votre s\u00e9jour dans notre h\u00f4tel en juillet ou en ao\u00fbt directement sur notre site web : b\u00e9n\u00e9ficiez d&rsquo;une r\u00e9duction\" \/>\n<meta property=\"og:url\" content=\"https:\/\/www.albergominerva.it\/fr\/offres\/offre-speciale-juillet-et-aout-a-sienne-lete-arrive\/\" \/>\n<meta property=\"og:site_name\" content=\"Hotel Minerva Siena\" \/>\n<meta property=\"article:modified_time\" content=\"2026-04-24T12:20:35+00:00\" \/>\n<meta property=\"og:image\" content=\"https:\/\/www.albergominerva.it\/wp-content\/uploads\/2026\/04\/siena-hotel-juny-august-5.webp\" \/>\n\t<meta property=\"og:image:width\" content=\"2000\" \/>\n\t<meta property=\"og:image:height\" content=\"1333\" \/>\n\t<meta property=\"og:image:type\" content=\"image\/webp\" \/>\n<meta name=\"twitter:card\" content=\"summary_large_image\" \/>\n<meta name=\"twitter:label1\" content=\"Dur\u00e9e de lecture estim\u00e9e\" \/>\n\t<meta name=\"twitter:data1\" content=\"2 minutes\" \/>\n<script type=\"application\/ld+json\" class=\"yoast-schema-graph\">{\"@context\":\"https:\\\/\\\/schema.org\",\"@graph\":[{\"@type\":\"WebPage\",\"@id\":\"https:\\\/\\\/www.albergominerva.it\\\/fr\\\/offres\\\/offre-speciale-juillet-et-aout-a-sienne-lete-arrive\\\/\",\"url\":\"https:\\\/\\\/www.albergominerva.it\\\/fr\\\/offres\\\/offre-speciale-juillet-et-aout-a-sienne-lete-arrive\\\/\",\"name\":\"OFFRE SP\u00c9CIALE JUILLET ET AO\u00dbT \u00c0 SIENNE. L'\u00c9T\u00c9 ARRIVE ! - Hotel Minerva Siena\",\"isPartOf\":{\"@id\":\"https:\\\/\\\/www.albergominerva.it\\\/fr\\\/#website\"},\"primaryImageOfPage\":{\"@id\":\"https:\\\/\\\/www.albergominerva.it\\\/fr\\\/offres\\\/offre-speciale-juillet-et-aout-a-sienne-lete-arrive\\\/#primaryimage\"},\"image\":{\"@id\":\"https:\\\/\\\/www.albergominerva.it\\\/fr\\\/offres\\\/offre-speciale-juillet-et-aout-a-sienne-lete-arrive\\\/#primaryimage\"},\"thumbnailUrl\":\"https:\\\/\\\/www.albergominerva.it\\\/wp-content\\\/uploads\\\/2026\\\/04\\\/siena-hotel-juny-august-5.webp\",\"datePublished\":\"2026-04-23T09:16:49+00:00\",\"dateModified\":\"2026-04-24T12:20:35+00:00\",\"breadcrumb\":{\"@id\":\"https:\\\/\\\/www.albergominerva.it\\\/fr\\\/offres\\\/offre-speciale-juillet-et-aout-a-sienne-lete-arrive\\\/#breadcrumb\"},\"inLanguage\":\"fr-FR\",\"potentialAction\":[{\"@type\":\"ReadAction\",\"target\":[\"https:\\\/\\\/www.albergominerva.it\\\/fr\\\/offres\\\/offre-speciale-juillet-et-aout-a-sienne-lete-arrive\\\/\"]}]},{\"@type\":\"ImageObject\",\"inLanguage\":\"fr-FR\",\"@id\":\"https:\\\/\\\/www.albergominerva.it\\\/fr\\\/offres\\\/offre-speciale-juillet-et-aout-a-sienne-lete-arrive\\\/#primaryimage\",\"url\":\"https:\\\/\\\/www.albergominerva.it\\\/wp-content\\\/uploads\\\/2026\\\/04\\\/siena-hotel-juny-august-5.webp\",\"contentUrl\":\"https:\\\/\\\/www.albergominerva.it\\\/wp-content\\\/uploads\\\/2026\\\/04\\\/siena-hotel-juny-august-5.webp\",\"width\":2000,\"height\":1333},{\"@type\":\"BreadcrumbList\",\"@id\":\"https:\\\/\\\/www.albergominerva.it\\\/fr\\\/offres\\\/offre-speciale-juillet-et-aout-a-sienne-lete-arrive\\\/#breadcrumb\",\"itemListElement\":[{\"@type\":\"ListItem\",\"position\":1,\"name\":\"Home\",\"item\":\"https:\\\/\\\/www.albergominerva.it\\\/fr\\\/\"},{\"@type\":\"ListItem\",\"position\":2,\"name\":\"OFFRE SP\u00c9CIALE JUILLET ET AO\u00dbT \u00c0 SIENNE. L&#8217;\u00c9T\u00c9 ARRIVE !\"}]},{\"@type\":\"WebSite\",\"@id\":\"https:\\\/\\\/www.albergominerva.it\\\/fr\\\/#website\",\"url\":\"https:\\\/\\\/www.albergominerva.it\\\/fr\\\/\",\"name\":\"Hotel Minerva Siena\",\"description\":\"Hotel in Centro Storico a Siena - Toscana - Italy\",\"potentialAction\":[{\"@type\":\"SearchAction\",\"target\":{\"@type\":\"EntryPoint\",\"urlTemplate\":\"https:\\\/\\\/www.albergominerva.it\\\/fr\\\/?s={search_term_string}\"},\"query-input\":{\"@type\":\"PropertyValueSpecification\",\"valueRequired\":true,\"valueName\":\"search_term_string\"}}],\"inLanguage\":\"fr-FR\"}]}<\/script>\n<!-- \/ Yoast SEO plugin. -->","yoast_head_json":{"title":"OFFRE SP\u00c9CIALE JUILLET ET AO\u00dbT \u00c0 SIENNE. L'\u00c9T\u00c9 ARRIVE ! - Hotel Minerva Siena","robots":{"index":"index","follow":"follow","max-snippet":"max-snippet:-1","max-image-preview":"max-image-preview:large","max-video-preview":"max-video-preview:-1"},"canonical":"https:\/\/www.albergominerva.it\/fr\/offres\/offre-speciale-juillet-et-aout-a-sienne-lete-arrive\/","og_locale":"fr_FR","og_type":"article","og_title":"OFFRE SP\u00c9CIALE JUILLET ET AO\u00dbT \u00c0 SIENNE. L'\u00c9T\u00c9 ARRIVE ! - Hotel Minerva Siena","og_description":"R\u00e9servez votre s\u00e9jour dans notre h\u00f4tel en juillet ou en ao\u00fbt directement sur notre site web : b\u00e9n\u00e9ficiez d&rsquo;une r\u00e9duction","og_url":"https:\/\/www.albergominerva.it\/fr\/offres\/offre-speciale-juillet-et-aout-a-sienne-lete-arrive\/","og_site_name":"Hotel Minerva Siena","article_modified_time":"2026-04-24T12:20:35+00:00","og_image":[{"width":2000,"height":1333,"url":"https:\/\/www.albergominerva.it\/wp-content\/uploads\/2026\/04\/siena-hotel-juny-august-5.webp","type":"image\/webp"}],"twitter_card":"summary_large_image","twitter_misc":{"Dur\u00e9e de lecture estim\u00e9e":"2 minutes"},"schema":{"@context":"https:\/\/schema.org","@graph":[{"@type":"WebPage","@id":"https:\/\/www.albergominerva.it\/fr\/offres\/offre-speciale-juillet-et-aout-a-sienne-lete-arrive\/","url":"https:\/\/www.albergominerva.it\/fr\/offres\/offre-speciale-juillet-et-aout-a-sienne-lete-arrive\/","name":"OFFRE SP\u00c9CIALE JUILLET ET AO\u00dbT \u00c0 SIENNE. L'\u00c9T\u00c9 ARRIVE ! - Hotel Minerva Siena","isPartOf":{"@id":"https:\/\/www.albergominerva.it\/fr\/#website"},"primaryImageOfPage":{"@id":"https:\/\/www.albergominerva.it\/fr\/offres\/offre-speciale-juillet-et-aout-a-sienne-lete-arrive\/#primaryimage"},"image":{"@id":"https:\/\/www.albergominerva.it\/fr\/offres\/offre-speciale-juillet-et-aout-a-sienne-lete-arrive\/#primaryimage"},"thumbnailUrl":"https:\/\/www.albergominerva.it\/wp-content\/uploads\/2026\/04\/siena-hotel-juny-august-5.webp","datePublished":"2026-04-23T09:16:49+00:00","dateModified":"2026-04-24T12:20:35+00:00","breadcrumb":{"@id":"https:\/\/www.albergominerva.it\/fr\/offres\/offre-speciale-juillet-et-aout-a-sienne-lete-arrive\/#breadcrumb"},"inLanguage":"fr-FR","potentialAction":[{"@type":"ReadAction","target":["https:\/\/www.albergominerva.it\/fr\/offres\/offre-speciale-juillet-et-aout-a-sienne-lete-arrive\/"]}]},{"@type":"ImageObject","inLanguage":"fr-FR","@id":"https:\/\/www.albergominerva.it\/fr\/offres\/offre-speciale-juillet-et-aout-a-sienne-lete-arrive\/#primaryimage","url":"https:\/\/www.albergominerva.it\/wp-content\/uploads\/2026\/04\/siena-hotel-juny-august-5.webp","contentUrl":"https:\/\/www.albergominerva.it\/wp-content\/uploads\/2026\/04\/siena-hotel-juny-august-5.webp","width":2000,"height":1333},{"@type":"BreadcrumbList","@id":"https:\/\/www.albergominerva.it\/fr\/offres\/offre-speciale-juillet-et-aout-a-sienne-lete-arrive\/#breadcrumb","itemListElement":[{"@type":"ListItem","position":1,"name":"Home","item":"https:\/\/www.albergominerva.it\/fr\/"},{"@type":"ListItem","position":2,"name":"OFFRE SP\u00c9CIALE JUILLET ET AO\u00dbT \u00c0 SIENNE. L&#8217;\u00c9T\u00c9 ARRIVE !"}]},{"@type":"WebSite","@id":"https:\/\/www.albergominerva.it\/fr\/#website","url":"https:\/\/www.albergominerva.it\/fr\/","name":"Hotel Minerva Siena","description":"Hotel in Centro Storico a Siena - Toscana - Italy","potentialAction":[{"@type":"SearchAction","target":{"@type":"EntryPoint","urlTemplate":"https:\/\/www.albergominerva.it\/fr\/?s={search_term_string}"},"query-input":{"@type":"PropertyValueSpecification","valueRequired":true,"valueName":"search_term_string"}}],"inLanguage":"fr-FR"}]}},"_links":{"self":[{"href":"https:\/\/www.albergominerva.it\/fr\/wp-json\/wp\/v2\/offerte\/22715","targetHints":{"allow":["GET"]}}],"collection":[{"href":"https:\/\/www.albergominerva.it\/fr\/wp-json\/wp\/v2\/offerte"}],"about":[{"href":"https:\/\/www.albergominerva.it\/fr\/wp-json\/wp\/v2\/types\/offerte"}],"wp:featuredmedia":[{"embeddable":true,"href":"https:\/\/www.albergominerva.it\/fr\/wp-json\/wp\/v2\/media\/22622"}],"wp:attachment":[{"href":"https:\/\/www.albergominerva.it\/fr\/wp-json\/wp\/v2\/media?parent=22715"}],"curies":[{"name":"wp","href":"https:\/\/api.w.org\/{rel}","templated":true}]}}