{"id":3002,"date":"2019-03-17T21:27:25","date_gmt":"2019-03-17T21:27:25","guid":{"rendered":"https:\/\/albergominerva.it\/fr\/?page_id=3002"},"modified":"2019-03-17T21:29:02","modified_gmt":"2019-03-17T21:29:02","slug":"la-galerie-nationale-de-photos-de-sienne-une-collection-de-peintures-vraiment-magnifiques","status":"publish","type":"page","link":"https:\/\/www.albergominerva.it\/fr\/la-galerie-nationale-de-photos-de-sienne-une-collection-de-peintures-vraiment-magnifiques\/","title":{"rendered":"La Galerie nationale de photos de Sienne: une collection de peintures vraiment magnifiques"},"content":{"rendered":"<h1> Galerie nationale de photos de Sienne <\/h1>\n<p><strong> Si vous avez d\u00e9cid\u00e9 de visiter Sienne, vous devez absolument vous rendre \u00e0 la Pinacoteca Nazionale <\/strong>, la plus grande et la plus \u00e9vocatrice des collections de peintures des ann\u00e9es 300 et 400 de Sienne.<\/p>\n<p>La Pinacoth\u00e8que est un v\u00e9ritable condens\u00e9 d&rsquo;\u0153uvres siennoises de grande importance rassembl\u00e9es \u00e0 partir de la fin des ann\u00e9es 1700 directement dans des \u00e9glises en ruine, des couvents d\u00e9sormais d\u00e9finitivement supprim\u00e9s, des soci\u00e9t\u00e9s la\u00efques et de nombreux autres lieux pour devenir un v\u00e9ritable patrimoine artistique qui il a \u00e9t\u00e9 donn\u00e9 au fil des ans \u00e0 la Galleria dell&rsquo;Accademia.<\/p>\n<p>Le mus\u00e9e actuel n&rsquo;a \u00e9t\u00e9 inaugur\u00e9 qu&rsquo;en 1932 et est devenu au fil du temps une exposition th\u00e9matique de tous les principaux styles qui se sont crois\u00e9s dans le temps et les traditions de Sienne.<\/p>\n<p><strong> Au deuxi\u00e8me \u00e9tage, par exemple, vous trouverez quelques-uns des chefs-d&rsquo;\u0153uvre les plus importants de Duccio di Boninsegna <\/strong>, en plus des fr\u00e8res Lorenzetti, Simone Martini et d&rsquo;autres artistes des XIVe et XVe si\u00e8cles de Sienne, tels que Giovanni di Paolo et Sano di Pietro.<\/p>\n<p><strong> Au premier \u00e9tage, vous trouverez Riccio <\/strong>, Marco Pino, Brescianino, Sodoma, puis Francesco Vanni, Bernardino Mei et Rutilio Manetti.<\/p>\n<p><strong> Au troisi\u00e8me \u00e9tage, vous trouverez enfin la magnifique collection Spannocchi-Piccolomini <\/strong>, ainsi que les magnifiques San Girolamo de Albrecht Durer et La Nativit\u00e0 de Lorenzo Lotto.<\/p>\n<p>La Pinacoth\u00e8que est un \u00e9v\u00e9nement \u00e0 ne pas manquer lorsque vous souhaitez visiter Sienne en consacrant tout le temps n\u00e9cessaire \u00e0 ses merveilles historiques et spirituelles.<br \/>\n<Strong><br \/>\nPour ce faire, nous vous sugg\u00e9rons de s\u00e9journer dans un h\u00f4tel du centre de Sienne, dot\u00e9 d&rsquo;un parking tel que l&rsquo;h\u00f4tel Minerva, <\/strong>, une solution trois \u00e9toiles confortable qui vous permettra de d\u00e9couvrir toutes les beaut\u00e9s de Sienne en quelques minutes \u00e0 pied.<\/p>\n<p>R\u00e9servez maintenant au meilleur prix garanti et d\u00e9couvrez toutes nos chambres panoramiques avec vue sur le centre historique de Sienne.<\/p>\n","protected":false},"excerpt":{"rendered":"<p>Galerie nationale de photos de Sienne Si vous avez d\u00e9cid\u00e9 de visiter Sienne, vous devez absolument vous rendre \u00e0 la<\/p>\n","protected":false},"author":3,"featured_media":0,"parent":0,"menu_order":0,"comment_status":"closed","ping_status":"closed","template":"","meta":{"_acf_changed":false,"footnotes":""},"class_list":["post-3002","page","type-page","status-publish","hentry"],"acf":[],"yoast_head":"<!-- This site is optimized with the Yoast SEO plugin v27.4 - https:\/\/yoast.com\/product\/yoast-seo-wordpress\/ -->\n<title>La Galerie nationale de photos de Sienne: une collection de peintures vraiment magnifiques - Hotel Minerva Siena<\/title>\n<meta name=\"robots\" content=\"index, follow, max-snippet:-1, max-image-preview:large, max-video-preview:-1\" \/>\n<link rel=\"canonical\" href=\"https:\/\/www.albergominerva.it\/fr\/la-galerie-nationale-de-photos-de-sienne-une-collection-de-peintures-vraiment-magnifiques\/\" \/>\n<meta property=\"og:locale\" content=\"fr_FR\" \/>\n<meta property=\"og:type\" content=\"article\" \/>\n<meta property=\"og:title\" content=\"La Galerie nationale de photos de Sienne: une collection de peintures vraiment magnifiques - Hotel Minerva Siena\" \/>\n<meta property=\"og:description\" content=\"Galerie nationale de photos de Sienne Si vous avez d\u00e9cid\u00e9 de visiter Sienne, vous devez absolument vous rendre \u00e0 la\" \/>\n<meta property=\"og:url\" content=\"https:\/\/www.albergominerva.it\/fr\/la-galerie-nationale-de-photos-de-sienne-une-collection-de-peintures-vraiment-magnifiques\/\" \/>\n<meta property=\"og:site_name\" content=\"Hotel Minerva Siena\" \/>\n<meta property=\"article:modified_time\" content=\"2019-03-17T21:29:02+00:00\" \/>\n<meta name=\"twitter:card\" content=\"summary_large_image\" \/>\n<meta name=\"twitter:label1\" content=\"Dur\u00e9e de lecture estim\u00e9e\" \/>\n\t<meta name=\"twitter:data1\" content=\"2 minutes\" \/>\n<script type=\"application\/ld+json\" class=\"yoast-schema-graph\">{\"@context\":\"https:\\\/\\\/schema.org\",\"@graph\":[{\"@type\":\"WebPage\",\"@id\":\"https:\\\/\\\/www.albergominerva.it\\\/fr\\\/la-galerie-nationale-de-photos-de-sienne-une-collection-de-peintures-vraiment-magnifiques\\\/\",\"url\":\"https:\\\/\\\/www.albergominerva.it\\\/fr\\\/la-galerie-nationale-de-photos-de-sienne-une-collection-de-peintures-vraiment-magnifiques\\\/\",\"name\":\"La Galerie nationale de photos de Sienne: une collection de peintures vraiment magnifiques - Hotel Minerva Siena\",\"isPartOf\":{\"@id\":\"https:\\\/\\\/www.albergominerva.it\\\/fr\\\/#website\"},\"datePublished\":\"2019-03-17T21:27:25+00:00\",\"dateModified\":\"2019-03-17T21:29:02+00:00\",\"breadcrumb\":{\"@id\":\"https:\\\/\\\/www.albergominerva.it\\\/fr\\\/la-galerie-nationale-de-photos-de-sienne-une-collection-de-peintures-vraiment-magnifiques\\\/#breadcrumb\"},\"inLanguage\":\"fr-FR\",\"potentialAction\":[{\"@type\":\"ReadAction\",\"target\":[\"https:\\\/\\\/www.albergominerva.it\\\/fr\\\/la-galerie-nationale-de-photos-de-sienne-une-collection-de-peintures-vraiment-magnifiques\\\/\"]}]},{\"@type\":\"BreadcrumbList\",\"@id\":\"https:\\\/\\\/www.albergominerva.it\\\/fr\\\/la-galerie-nationale-de-photos-de-sienne-une-collection-de-peintures-vraiment-magnifiques\\\/#breadcrumb\",\"itemListElement\":[{\"@type\":\"ListItem\",\"position\":1,\"name\":\"Home\",\"item\":\"https:\\\/\\\/www.albergominerva.it\\\/fr\\\/\"},{\"@type\":\"ListItem\",\"position\":2,\"name\":\"La Galerie nationale de photos de Sienne: une collection de peintures vraiment magnifiques\"}]},{\"@type\":\"WebSite\",\"@id\":\"https:\\\/\\\/www.albergominerva.it\\\/fr\\\/#website\",\"url\":\"https:\\\/\\\/www.albergominerva.it\\\/fr\\\/\",\"name\":\"Hotel Minerva Siena\",\"description\":\"Hotel in Centro Storico a Siena - Toscana - Italy\",\"potentialAction\":[{\"@type\":\"SearchAction\",\"target\":{\"@type\":\"EntryPoint\",\"urlTemplate\":\"https:\\\/\\\/www.albergominerva.it\\\/fr\\\/?s={search_term_string}\"},\"query-input\":{\"@type\":\"PropertyValueSpecification\",\"valueRequired\":true,\"valueName\":\"search_term_string\"}}],\"inLanguage\":\"fr-FR\"}]}<\/script>\n<!-- \/ Yoast SEO plugin. -->","yoast_head_json":{"title":"La Galerie nationale de photos de Sienne: une collection de peintures vraiment magnifiques - Hotel Minerva Siena","robots":{"index":"index","follow":"follow","max-snippet":"max-snippet:-1","max-image-preview":"max-image-preview:large","max-video-preview":"max-video-preview:-1"},"canonical":"https:\/\/www.albergominerva.it\/fr\/la-galerie-nationale-de-photos-de-sienne-une-collection-de-peintures-vraiment-magnifiques\/","og_locale":"fr_FR","og_type":"article","og_title":"La Galerie nationale de photos de Sienne: une collection de peintures vraiment magnifiques - Hotel Minerva Siena","og_description":"Galerie nationale de photos de Sienne Si vous avez d\u00e9cid\u00e9 de visiter Sienne, vous devez absolument vous rendre \u00e0 la","og_url":"https:\/\/www.albergominerva.it\/fr\/la-galerie-nationale-de-photos-de-sienne-une-collection-de-peintures-vraiment-magnifiques\/","og_site_name":"Hotel Minerva Siena","article_modified_time":"2019-03-17T21:29:02+00:00","twitter_card":"summary_large_image","twitter_misc":{"Dur\u00e9e de lecture estim\u00e9e":"2 minutes"},"schema":{"@context":"https:\/\/schema.org","@graph":[{"@type":"WebPage","@id":"https:\/\/www.albergominerva.it\/fr\/la-galerie-nationale-de-photos-de-sienne-une-collection-de-peintures-vraiment-magnifiques\/","url":"https:\/\/www.albergominerva.it\/fr\/la-galerie-nationale-de-photos-de-sienne-une-collection-de-peintures-vraiment-magnifiques\/","name":"La Galerie nationale de photos de Sienne: une collection de peintures vraiment magnifiques - Hotel Minerva Siena","isPartOf":{"@id":"https:\/\/www.albergominerva.it\/fr\/#website"},"datePublished":"2019-03-17T21:27:25+00:00","dateModified":"2019-03-17T21:29:02+00:00","breadcrumb":{"@id":"https:\/\/www.albergominerva.it\/fr\/la-galerie-nationale-de-photos-de-sienne-une-collection-de-peintures-vraiment-magnifiques\/#breadcrumb"},"inLanguage":"fr-FR","potentialAction":[{"@type":"ReadAction","target":["https:\/\/www.albergominerva.it\/fr\/la-galerie-nationale-de-photos-de-sienne-une-collection-de-peintures-vraiment-magnifiques\/"]}]},{"@type":"BreadcrumbList","@id":"https:\/\/www.albergominerva.it\/fr\/la-galerie-nationale-de-photos-de-sienne-une-collection-de-peintures-vraiment-magnifiques\/#breadcrumb","itemListElement":[{"@type":"ListItem","position":1,"name":"Home","item":"https:\/\/www.albergominerva.it\/fr\/"},{"@type":"ListItem","position":2,"name":"La Galerie nationale de photos de Sienne: une collection de peintures vraiment magnifiques"}]},{"@type":"WebSite","@id":"https:\/\/www.albergominerva.it\/fr\/#website","url":"https:\/\/www.albergominerva.it\/fr\/","name":"Hotel Minerva Siena","description":"Hotel in Centro Storico a Siena - Toscana - Italy","potentialAction":[{"@type":"SearchAction","target":{"@type":"EntryPoint","urlTemplate":"https:\/\/www.albergominerva.it\/fr\/?s={search_term_string}"},"query-input":{"@type":"PropertyValueSpecification","valueRequired":true,"valueName":"search_term_string"}}],"inLanguage":"fr-FR"}]}},"_links":{"self":[{"href":"https:\/\/www.albergominerva.it\/fr\/wp-json\/wp\/v2\/pages\/3002","targetHints":{"allow":["GET"]}}],"collection":[{"href":"https:\/\/www.albergominerva.it\/fr\/wp-json\/wp\/v2\/pages"}],"about":[{"href":"https:\/\/www.albergominerva.it\/fr\/wp-json\/wp\/v2\/types\/page"}],"author":[{"embeddable":true,"href":"https:\/\/www.albergominerva.it\/fr\/wp-json\/wp\/v2\/users\/3"}],"replies":[{"embeddable":true,"href":"https:\/\/www.albergominerva.it\/fr\/wp-json\/wp\/v2\/comments?post=3002"}],"version-history":[{"count":1,"href":"https:\/\/www.albergominerva.it\/fr\/wp-json\/wp\/v2\/pages\/3002\/revisions"}],"predecessor-version":[{"id":3003,"href":"https:\/\/www.albergominerva.it\/fr\/wp-json\/wp\/v2\/pages\/3002\/revisions\/3003"}],"wp:attachment":[{"href":"https:\/\/www.albergominerva.it\/fr\/wp-json\/wp\/v2\/media?parent=3002"}],"curies":[{"name":"wp","href":"https:\/\/api.w.org\/{rel}","templated":true}]}}