{"id":11230,"date":"2023-08-20T09:24:03","date_gmt":"2023-08-20T07:24:03","guid":{"rendered":"https:\/\/www.albergominerva.it\/?page_id=11230"},"modified":"2023-08-20T09:24:04","modified_gmt":"2023-08-20T07:24:04","slug":"a-contrada-dellaquila-e-uma-das-contradas-historicas-de-siena","status":"publish","type":"page","link":"https:\/\/www.albergominerva.it\/pt-br\/a-contrada-dellaquila-e-uma-das-contradas-historicas-de-siena\/","title":{"rendered":"A Contrada dell&#8217;Aquila \u00e9 uma das contradas hist\u00f3ricas de Siena"},"content":{"rendered":"\n<p>&#8220;A Contrada dell&#8217;Aquila \u00e9 uma das contradas hist\u00f3ricas de Siena, caracterizada por um bras\u00e3o que representa uma \u00e1guia imperial bic\u00e9fala coroada \u00e0 moda antiga, segurando em suas garras um cetro, uma espada e um globo imperial. No peito da \u00e1guia, h\u00e1 um sol dourado com as iniciais U.I., que representam Umberto I da Sav\u00f3ia. As cores distintivas da contrada s\u00e3o amarelo listrado de preto e turquesa. O lema que a contrada defende \u00e9 &#8216;Unguibus et rostris&#8217;.<\/p>\n\n\n\n<figure class=\"wp-block-image size-full\"><img loading=\"lazy\" decoding=\"async\" width=\"688\" height=\"691\" src=\"https:\/\/www.albergominerva.it\/wp-content\/uploads\/2023\/08\/aquila-2.jpg\" alt=\"\" class=\"wp-image-10976\" srcset=\"https:\/\/www.albergominerva.it\/wp-content\/uploads\/2023\/08\/aquila-2.jpg 688w, https:\/\/www.albergominerva.it\/wp-content\/uploads\/2023\/08\/aquila-2-300x300.jpg 300w, https:\/\/www.albergominerva.it\/wp-content\/uploads\/2023\/08\/aquila-2-150x150.jpg 150w\" sizes=\"auto, (max-width: 688px) 100vw, 688px\" \/><\/figure>\n\n\n\n<p>A Contrada dell&#8217;Aquila det\u00e9m o t\u00edtulo de Nobre devido \u00e0 magn\u00edfica recep\u00e7\u00e3o dada a Carlos V de Habsburgo durante sua visita a Siena em 1536. Pertencente ao Terzo da Cidade, a contrada est\u00e1 associada a diversas companhias militares, como Aldobrandino del Mancino, Casato di Sopra e San Pietro in Castelvecchio. As contradas aliadas s\u00e3o Civetta e Drago, enquanto a contrada rival \u00e9 Pantera.<\/p>\n\n\n\n<p>O santo padroeiro e a festa titular da Contrada dell&#8217;Aquila s\u00e3o o Santo Nome da Virgem Maria. A festa do padroeiro \u00e9 celebrada no domingo ao redor de 12 de setembro. Al\u00e9m disso, a contrada est\u00e1 associada \u00e0 corpora\u00e7\u00e3o de not\u00e1rios.<\/p>\n\n\n\n<p>A Contrada dell&#8217;Aquila representa uma parte importante e orgulhosa da tradi\u00e7\u00e3o das contradas de Siena, com um bras\u00e3o rico, cores distintivas, um t\u00edtulo nobre e uma hist\u00f3ria que remonta a s\u00e9culos atr\u00e1s.&#8221;<\/p>\n","protected":false},"excerpt":{"rendered":"<p>&#8220;A Contrada dell&#8217;Aquila \u00e9 uma das contradas hist\u00f3ricas de Siena, caracterizada por um bras\u00e3o que representa uma \u00e1guia imperial bic\u00e9fala<\/p>\n","protected":false},"author":3,"featured_media":0,"parent":0,"menu_order":0,"comment_status":"closed","ping_status":"closed","template":"","meta":{"_acf_changed":false,"footnotes":""},"class_list":["post-11230","page","type-page","status-publish","hentry"],"acf":[],"yoast_head":"<!-- This site is optimized with the Yoast SEO plugin v27.4 - https:\/\/yoast.com\/product\/yoast-seo-wordpress\/ -->\n<title>A Contrada dell&#039;Aquila \u00e9 uma das contradas hist\u00f3ricas de Siena - Hotel Minerva Siena<\/title>\n<meta name=\"robots\" content=\"index, follow, max-snippet:-1, max-image-preview:large, max-video-preview:-1\" \/>\n<link rel=\"canonical\" href=\"https:\/\/www.albergominerva.it\/pt-br\/a-contrada-dellaquila-e-uma-das-contradas-historicas-de-siena\/\" \/>\n<meta property=\"og:locale\" content=\"pt_BR\" \/>\n<meta property=\"og:type\" content=\"article\" \/>\n<meta property=\"og:title\" content=\"A Contrada dell&#039;Aquila \u00e9 uma das contradas hist\u00f3ricas de Siena - Hotel Minerva Siena\" \/>\n<meta property=\"og:description\" content=\"&#8220;A Contrada dell&#8217;Aquila \u00e9 uma das contradas hist\u00f3ricas de Siena, caracterizada por um bras\u00e3o que representa uma \u00e1guia imperial bic\u00e9fala\" \/>\n<meta property=\"og:url\" content=\"https:\/\/www.albergominerva.it\/pt-br\/a-contrada-dellaquila-e-uma-das-contradas-historicas-de-siena\/\" \/>\n<meta property=\"og:site_name\" content=\"Hotel Minerva Siena\" \/>\n<meta property=\"article:modified_time\" content=\"2023-08-20T07:24:04+00:00\" \/>\n<meta property=\"og:image\" content=\"https:\/\/www.albergominerva.it\/wp-content\/uploads\/2023\/08\/aquila-2.jpg\" \/>\n<meta name=\"twitter:card\" content=\"summary_large_image\" \/>\n<meta name=\"twitter:label1\" content=\"Est. tempo de leitura\" \/>\n\t<meta name=\"twitter:data1\" content=\"2 minutos\" \/>\n<script type=\"application\/ld+json\" class=\"yoast-schema-graph\">{\"@context\":\"https:\\\/\\\/schema.org\",\"@graph\":[{\"@type\":\"WebPage\",\"@id\":\"https:\\\/\\\/www.albergominerva.it\\\/pt-br\\\/a-contrada-dellaquila-e-uma-das-contradas-historicas-de-siena\\\/\",\"url\":\"https:\\\/\\\/www.albergominerva.it\\\/pt-br\\\/a-contrada-dellaquila-e-uma-das-contradas-historicas-de-siena\\\/\",\"name\":\"A Contrada dell'Aquila \u00e9 uma das contradas hist\u00f3ricas de Siena - Hotel Minerva Siena\",\"isPartOf\":{\"@id\":\"https:\\\/\\\/www.albergominerva.it\\\/pt-br\\\/#website\"},\"primaryImageOfPage\":{\"@id\":\"https:\\\/\\\/www.albergominerva.it\\\/pt-br\\\/a-contrada-dellaquila-e-uma-das-contradas-historicas-de-siena\\\/#primaryimage\"},\"image\":{\"@id\":\"https:\\\/\\\/www.albergominerva.it\\\/pt-br\\\/a-contrada-dellaquila-e-uma-das-contradas-historicas-de-siena\\\/#primaryimage\"},\"thumbnailUrl\":\"https:\\\/\\\/www.albergominerva.it\\\/wp-content\\\/uploads\\\/2023\\\/08\\\/aquila-2.jpg\",\"datePublished\":\"2023-08-20T07:24:03+00:00\",\"dateModified\":\"2023-08-20T07:24:04+00:00\",\"breadcrumb\":{\"@id\":\"https:\\\/\\\/www.albergominerva.it\\\/pt-br\\\/a-contrada-dellaquila-e-uma-das-contradas-historicas-de-siena\\\/#breadcrumb\"},\"inLanguage\":\"pt-BR\",\"potentialAction\":[{\"@type\":\"ReadAction\",\"target\":[\"https:\\\/\\\/www.albergominerva.it\\\/pt-br\\\/a-contrada-dellaquila-e-uma-das-contradas-historicas-de-siena\\\/\"]}]},{\"@type\":\"ImageObject\",\"inLanguage\":\"pt-BR\",\"@id\":\"https:\\\/\\\/www.albergominerva.it\\\/pt-br\\\/a-contrada-dellaquila-e-uma-das-contradas-historicas-de-siena\\\/#primaryimage\",\"url\":\"https:\\\/\\\/www.albergominerva.it\\\/wp-content\\\/uploads\\\/2023\\\/08\\\/aquila-2.jpg\",\"contentUrl\":\"https:\\\/\\\/www.albergominerva.it\\\/wp-content\\\/uploads\\\/2023\\\/08\\\/aquila-2.jpg\"},{\"@type\":\"BreadcrumbList\",\"@id\":\"https:\\\/\\\/www.albergominerva.it\\\/pt-br\\\/a-contrada-dellaquila-e-uma-das-contradas-historicas-de-siena\\\/#breadcrumb\",\"itemListElement\":[{\"@type\":\"ListItem\",\"position\":1,\"name\":\"Home\",\"item\":\"https:\\\/\\\/www.albergominerva.it\\\/pt-br\\\/\"},{\"@type\":\"ListItem\",\"position\":2,\"name\":\"A Contrada dell&#8217;Aquila \u00e9 uma das contradas hist\u00f3ricas de Siena\"}]},{\"@type\":\"WebSite\",\"@id\":\"https:\\\/\\\/www.albergominerva.it\\\/pt-br\\\/#website\",\"url\":\"https:\\\/\\\/www.albergominerva.it\\\/pt-br\\\/\",\"name\":\"Hotel Minerva Siena\",\"description\":\"Hotel in Centro Storico a Siena - Toscana - Italy\",\"potentialAction\":[{\"@type\":\"SearchAction\",\"target\":{\"@type\":\"EntryPoint\",\"urlTemplate\":\"https:\\\/\\\/www.albergominerva.it\\\/pt-br\\\/?s={search_term_string}\"},\"query-input\":{\"@type\":\"PropertyValueSpecification\",\"valueRequired\":true,\"valueName\":\"search_term_string\"}}],\"inLanguage\":\"pt-BR\"}]}<\/script>\n<!-- \/ Yoast SEO plugin. -->","yoast_head_json":{"title":"A Contrada dell'Aquila \u00e9 uma das contradas hist\u00f3ricas de Siena - Hotel Minerva Siena","robots":{"index":"index","follow":"follow","max-snippet":"max-snippet:-1","max-image-preview":"max-image-preview:large","max-video-preview":"max-video-preview:-1"},"canonical":"https:\/\/www.albergominerva.it\/pt-br\/a-contrada-dellaquila-e-uma-das-contradas-historicas-de-siena\/","og_locale":"pt_BR","og_type":"article","og_title":"A Contrada dell'Aquila \u00e9 uma das contradas hist\u00f3ricas de Siena - Hotel Minerva Siena","og_description":"&#8220;A Contrada dell&#8217;Aquila \u00e9 uma das contradas hist\u00f3ricas de Siena, caracterizada por um bras\u00e3o que representa uma \u00e1guia imperial bic\u00e9fala","og_url":"https:\/\/www.albergominerva.it\/pt-br\/a-contrada-dellaquila-e-uma-das-contradas-historicas-de-siena\/","og_site_name":"Hotel Minerva Siena","article_modified_time":"2023-08-20T07:24:04+00:00","og_image":[{"url":"https:\/\/www.albergominerva.it\/wp-content\/uploads\/2023\/08\/aquila-2.jpg","type":"","width":"","height":""}],"twitter_card":"summary_large_image","twitter_misc":{"Est. tempo de leitura":"2 minutos"},"schema":{"@context":"https:\/\/schema.org","@graph":[{"@type":"WebPage","@id":"https:\/\/www.albergominerva.it\/pt-br\/a-contrada-dellaquila-e-uma-das-contradas-historicas-de-siena\/","url":"https:\/\/www.albergominerva.it\/pt-br\/a-contrada-dellaquila-e-uma-das-contradas-historicas-de-siena\/","name":"A Contrada dell'Aquila \u00e9 uma das contradas hist\u00f3ricas de Siena - Hotel Minerva Siena","isPartOf":{"@id":"https:\/\/www.albergominerva.it\/pt-br\/#website"},"primaryImageOfPage":{"@id":"https:\/\/www.albergominerva.it\/pt-br\/a-contrada-dellaquila-e-uma-das-contradas-historicas-de-siena\/#primaryimage"},"image":{"@id":"https:\/\/www.albergominerva.it\/pt-br\/a-contrada-dellaquila-e-uma-das-contradas-historicas-de-siena\/#primaryimage"},"thumbnailUrl":"https:\/\/www.albergominerva.it\/wp-content\/uploads\/2023\/08\/aquila-2.jpg","datePublished":"2023-08-20T07:24:03+00:00","dateModified":"2023-08-20T07:24:04+00:00","breadcrumb":{"@id":"https:\/\/www.albergominerva.it\/pt-br\/a-contrada-dellaquila-e-uma-das-contradas-historicas-de-siena\/#breadcrumb"},"inLanguage":"pt-BR","potentialAction":[{"@type":"ReadAction","target":["https:\/\/www.albergominerva.it\/pt-br\/a-contrada-dellaquila-e-uma-das-contradas-historicas-de-siena\/"]}]},{"@type":"ImageObject","inLanguage":"pt-BR","@id":"https:\/\/www.albergominerva.it\/pt-br\/a-contrada-dellaquila-e-uma-das-contradas-historicas-de-siena\/#primaryimage","url":"https:\/\/www.albergominerva.it\/wp-content\/uploads\/2023\/08\/aquila-2.jpg","contentUrl":"https:\/\/www.albergominerva.it\/wp-content\/uploads\/2023\/08\/aquila-2.jpg"},{"@type":"BreadcrumbList","@id":"https:\/\/www.albergominerva.it\/pt-br\/a-contrada-dellaquila-e-uma-das-contradas-historicas-de-siena\/#breadcrumb","itemListElement":[{"@type":"ListItem","position":1,"name":"Home","item":"https:\/\/www.albergominerva.it\/pt-br\/"},{"@type":"ListItem","position":2,"name":"A Contrada dell&#8217;Aquila \u00e9 uma das contradas hist\u00f3ricas de Siena"}]},{"@type":"WebSite","@id":"https:\/\/www.albergominerva.it\/pt-br\/#website","url":"https:\/\/www.albergominerva.it\/pt-br\/","name":"Hotel Minerva Siena","description":"Hotel in Centro Storico a Siena - Toscana - Italy","potentialAction":[{"@type":"SearchAction","target":{"@type":"EntryPoint","urlTemplate":"https:\/\/www.albergominerva.it\/pt-br\/?s={search_term_string}"},"query-input":{"@type":"PropertyValueSpecification","valueRequired":true,"valueName":"search_term_string"}}],"inLanguage":"pt-BR"}]}},"_links":{"self":[{"href":"https:\/\/www.albergominerva.it\/pt-br\/wp-json\/wp\/v2\/pages\/11230","targetHints":{"allow":["GET"]}}],"collection":[{"href":"https:\/\/www.albergominerva.it\/pt-br\/wp-json\/wp\/v2\/pages"}],"about":[{"href":"https:\/\/www.albergominerva.it\/pt-br\/wp-json\/wp\/v2\/types\/page"}],"author":[{"embeddable":true,"href":"https:\/\/www.albergominerva.it\/pt-br\/wp-json\/wp\/v2\/users\/3"}],"replies":[{"embeddable":true,"href":"https:\/\/www.albergominerva.it\/pt-br\/wp-json\/wp\/v2\/comments?post=11230"}],"version-history":[{"count":1,"href":"https:\/\/www.albergominerva.it\/pt-br\/wp-json\/wp\/v2\/pages\/11230\/revisions"}],"predecessor-version":[{"id":11231,"href":"https:\/\/www.albergominerva.it\/pt-br\/wp-json\/wp\/v2\/pages\/11230\/revisions\/11231"}],"wp:attachment":[{"href":"https:\/\/www.albergominerva.it\/pt-br\/wp-json\/wp\/v2\/media?parent=11230"}],"curies":[{"name":"wp","href":"https:\/\/api.w.org\/{rel}","templated":true}]}}